{"id":5666,"date":"2024-07-18T17:07:28","date_gmt":"2024-07-18T17:07:28","guid":{"rendered":"https:\/\/estila.org\/residencia\/?page_id=5666"},"modified":"2024-07-23T06:32:09","modified_gmt":"2024-07-23T06:32:09","slug":"proyecto-educativo","status":"publish","type":"page","link":"https:\/\/estila.org\/residencia\/proyecto-educativo\/","title":{"rendered":"Proyecto Personal"},"content":{"rendered":"\t\t<div data-elementor-type=\"wp-page\" data-elementor-id=\"5666\" class=\"elementor elementor-5666\" data-elementor-post-type=\"page\">\n\t\t\t\t\t\t<section class=\"elementor-section elementor-top-section elementor-element elementor-element-0dcd672 elementor-section-stretched elementor-section-full_width elementor-section-height-min-height elementor-section-height-default elementor-section-items-middle\" data-id=\"0dcd672\" data-element_type=\"section\" data-e-type=\"section\" data-settings=\"{&quot;stretch_section&quot;:&quot;section-stretched&quot;,&quot;background_background&quot;:&quot;classic&quot;}\">\n\t\t\t\t\t\t\t<div class=\"elementor-background-overlay\"><\/div>\n\t\t\t\t\t\t\t<div class=\"elementor-container elementor-column-gap-no\">\n\t\t\t\t\t<div class=\"elementor-column elementor-col-100 elementor-top-column elementor-element elementor-element-583bdd4\" data-id=\"583bdd4\" data-element_type=\"column\" data-e-type=\"column\">\n\t\t\t<div class=\"elementor-widget-wrap\">\n\t\t\t\t\t\t\t<\/div>\n\t\t<\/div>\n\t\t\t\t\t<\/div>\n\t\t<\/section>\n\t\t\t\t<section class=\"elementor-section elementor-top-section elementor-element elementor-element-4b8dec5 elementor-section-stretched elementor-section-boxed elementor-section-height-default elementor-section-height-default\" data-id=\"4b8dec5\" data-element_type=\"section\" data-e-type=\"section\" data-settings=\"{&quot;stretch_section&quot;:&quot;section-stretched&quot;,&quot;background_background&quot;:&quot;classic&quot;}\">\n\t\t\t\t\t\t<div class=\"elementor-container elementor-column-gap-default\">\n\t\t\t\t\t<div class=\"elementor-column elementor-col-100 elementor-top-column elementor-element elementor-element-71e1b7b\" data-id=\"71e1b7b\" data-element_type=\"column\" data-e-type=\"column\">\n\t\t\t<div class=\"elementor-widget-wrap elementor-element-populated\">\n\t\t\t\t\t\t<div class=\"elementor-element elementor-element-3267fa8 elementor-widget elementor-widget-heading\" data-id=\"3267fa8\" data-element_type=\"widget\" data-e-type=\"widget\" data-widget_type=\"heading.default\">\n\t\t\t\t<div class=\"elementor-widget-container\">\n\t\t\t\t\t<h3 class=\"elementor-heading-title elementor-size-default\"><b>La Estila<\/b> es un lugar muy c\u00f3modo para vivir y solo por eso ya <b>vale la pena<\/b> pedir plaza. Es un entorno muy enriquecedor por el gran n\u00famero de invitados profesionalmente muy valiosos que acuden a las tertulias y las actividades culturales, las conversaciones peri\u00f3dicas de todos los residentes con el tutor o las conversaciones con el capell\u00e1n para quienes lo deseen.<\/h3>\t\t\t\t<\/div>\n\t\t\t\t<\/div>\n\t\t\t\t\t<\/div>\n\t\t<\/div>\n\t\t\t\t\t<\/div>\n\t\t<\/section>\n\t\t\t\t<section class=\"elementor-section elementor-top-section elementor-element elementor-element-188e2a7 elementor-section-stretched elementor-section-height-min-height elementor-section-content-middle animated-slow elementor-section-boxed elementor-section-height-default elementor-section-items-middle elementor-invisible\" data-id=\"188e2a7\" data-element_type=\"section\" data-e-type=\"section\" data-settings=\"{&quot;stretch_section&quot;:&quot;section-stretched&quot;,&quot;animation&quot;:&quot;fadeIn&quot;}\">\n\t\t\t\t\t\t<div class=\"elementor-container elementor-column-gap-no\">\n\t\t\t\t\t<div class=\"elementor-column elementor-col-100 elementor-top-column elementor-element elementor-element-9621fef\" data-id=\"9621fef\" data-element_type=\"column\" data-e-type=\"column\">\n\t\t\t<div class=\"elementor-widget-wrap elementor-element-populated\">\n\t\t\t\t\t\t<div class=\"elementor-element elementor-element-6036119 elementor-widget elementor-widget-heading\" data-id=\"6036119\" data-element_type=\"widget\" data-e-type=\"widget\" data-widget_type=\"heading.default\">\n\t\t\t\t<div class=\"elementor-widget-container\">\n\t\t\t\t\t<h2 class=\"elementor-heading-title elementor-size-default\">PROYECTO PERSONAL<\/h2>\t\t\t\t<\/div>\n\t\t\t\t<\/div>\n\t\t\t\t\t<\/div>\n\t\t<\/div>\n\t\t\t\t\t<\/div>\n\t\t<\/section>\n\t\t\t\t<section class=\"elementor-section elementor-top-section elementor-element elementor-element-b857bf7 elementor-section-stretched elementor-section-height-min-height elementor-section-content-middle animated-slow elementor-section-boxed elementor-section-height-default elementor-section-items-middle elementor-invisible\" data-id=\"b857bf7\" data-element_type=\"section\" data-e-type=\"section\" data-settings=\"{&quot;stretch_section&quot;:&quot;section-stretched&quot;,&quot;animation&quot;:&quot;fadeIn&quot;}\">\n\t\t\t\t\t\t<div class=\"elementor-container elementor-column-gap-no\">\n\t\t\t\t\t<div class=\"elementor-column elementor-col-100 elementor-top-column elementor-element elementor-element-408b3c8\" data-id=\"408b3c8\" data-element_type=\"column\" data-e-type=\"column\">\n\t\t\t<div class=\"elementor-widget-wrap elementor-element-populated\">\n\t\t\t\t\t\t<div class=\"elementor-element elementor-element-360b33b elementor-widget-divider--view-line elementor-widget elementor-widget-divider\" data-id=\"360b33b\" data-element_type=\"widget\" data-e-type=\"widget\" data-widget_type=\"divider.default\">\n\t\t\t\t<div class=\"elementor-widget-container\">\n\t\t\t\t\t\t\t<div class=\"elementor-divider\">\n\t\t\t<span class=\"elementor-divider-separator\">\n\t\t\t\t\t\t<\/span>\n\t\t<\/div>\n\t\t\t\t\t\t<\/div>\n\t\t\t\t<\/div>\n\t\t\t\t\t<\/div>\n\t\t<\/div>\n\t\t\t\t\t<\/div>\n\t\t<\/section>\n\t\t\t\t<section class=\"elementor-section elementor-top-section elementor-element elementor-element-1c9a53c animated-slow elementor-section-boxed elementor-section-height-default elementor-section-height-default elementor-invisible\" data-id=\"1c9a53c\" data-element_type=\"section\" data-e-type=\"section\" data-settings=\"{&quot;animation&quot;:&quot;fadeIn&quot;}\">\n\t\t\t\t\t\t<div class=\"elementor-container elementor-column-gap-default\">\n\t\t\t\t\t<div class=\"elementor-column elementor-col-100 elementor-top-column elementor-element elementor-element-0c81263\" data-id=\"0c81263\" data-element_type=\"column\" data-e-type=\"column\">\n\t\t\t<div class=\"elementor-widget-wrap elementor-element-populated\">\n\t\t\t\t\t\t<section class=\"elementor-section elementor-inner-section elementor-element elementor-element-a2f58cd elementor-section-boxed elementor-section-height-default elementor-section-height-default\" data-id=\"a2f58cd\" data-element_type=\"section\" data-e-type=\"section\">\n\t\t\t\t\t\t<div class=\"elementor-container elementor-column-gap-default\">\n\t\t\t\t\t<div class=\"elementor-column elementor-col-100 elementor-inner-column elementor-element elementor-element-33549fa\" data-id=\"33549fa\" data-element_type=\"column\" data-e-type=\"column\">\n\t\t\t<div class=\"elementor-widget-wrap elementor-element-populated\">\n\t\t\t\t\t\t<div class=\"elementor-element elementor-element-34dd39c elementor-widget elementor-widget-text-editor\" data-id=\"34dd39c\" data-element_type=\"widget\" data-e-type=\"widget\" data-widget_type=\"text-editor.default\">\n\t\t\t\t<div class=\"elementor-widget-container\">\n\t\t\t\t\t\t\t\t\t<p style=\"font-weight: 400;\">El objetivo del Colegio Mayor es formar personas para la vida en un momento en que muchos j\u00f3venes viven semicautivos o demasiado distra\u00eddos en un mundo digital-virtual deliberadamente adictivo.<\/p><p style=\"font-weight: 400;\">Compartir cada d\u00eda la jornada \u2014las comidas, las tertulias, el estudio, el deporte y la fiesta\u2014 con otros universitarios de distintas carreras, aficiones y mentalidades enriquece extraordinariamente el car\u00e1cter.<\/p><p style=\"font-weight: 400;\">A esa convivencia estrecha, que facilita aprender a trabajar en equipo, se unen las actividades de los Clubs de Medicina, Prensa, Econom\u00eda, Cine, Lectura, etc. o de las Comisiones de Cultura, Deporte, Solidaridad y otras. Todas ellas organizadas por los propios colegiales. Se trata de cultivar el humanismo, el pensamiento cr\u00edtico, un sano inconformismo y un sentido de ciudadan\u00eda.<\/p><p><span style=\"font-weight: 400;\">A su vez, hay tertulias tem\u00e1ticas en las que cada uno de los residentes expone ante los dem\u00e1s un tema que le guste, la mayor\u00eda de las veces con fotos o gr\u00e1ficos.<\/span><\/p><p>A esas actividades culturales o deportivas se suman los encargos materiales en la casa: bajar el carro de los bocadillos al Bar para las cenas de los jueves y los s\u00e1bados o barrer el suelo al terminar, llevar la bolsa de basura al contenedor en la calle, bajar el carrito del caf\u00e9 para las tertulias de sobremesa, supervisar el orden en las salas de estudio o las instalaciones deportivas, vaciar las papeleras, tirar los peri\u00f3dicos al contenedor, etc. Pensar en los dem\u00e1s facilita salir de uno mismo y crear un clima hogare\u00f1o muy grato.<\/p><p>A su vez, las actividades de solidaridad como los Desayunos Solidarios los domingos conversando con mendigos de las calles de Santiago, las visitas de Hospilandia para distraer a los ni\u00f1os del Hospital Cl\u00ednico y sus familias, los campos de trabajo, etc. traen como premio una valiosa maduraci\u00f3n personal.<\/p><p>Todo esto, sin olvidar que la primera tarea es el estudio: para destacar acad\u00e9micamente y orientar la futura profesi\u00f3n como un servicio a personas concretas y a la sociedad.<\/p><p>Si est\u00e1s dispuesto a estudiar mucho, a convivir, a participar, a organizar, a barrer con una escoba y a ayudar a personas necesitadas\u2026 \u00a1esta es tu casa!<\/p>\t\t\t\t\t\t\t\t<\/div>\n\t\t\t\t<\/div>\n\t\t\t\t\t<\/div>\n\t\t<\/div>\n\t\t\t\t\t<\/div>\n\t\t<\/section>\n\t\t\t\t\t<\/div>\n\t\t<\/div>\n\t\t\t\t\t<\/div>\n\t\t<\/section>\n\t\t\t\t<section class=\"elementor-section elementor-top-section elementor-element elementor-element-7254eae elementor-section-stretched elementor-section-full_width elementor-section-height-min-height elementor-section-content-middle animated-slow elementor-section-height-default elementor-section-items-middle elementor-invisible\" data-id=\"7254eae\" data-element_type=\"section\" data-e-type=\"section\" data-settings=\"{&quot;stretch_section&quot;:&quot;section-stretched&quot;,&quot;animation&quot;:&quot;fadeIn&quot;}\">\n\t\t\t\t\t\t<div class=\"elementor-container elementor-column-gap-no\">\n\t\t\t\t\t<div class=\"elementor-column elementor-col-100 elementor-top-column elementor-element elementor-element-317e99c\" data-id=\"317e99c\" data-element_type=\"column\" data-e-type=\"column\">\n\t\t\t<div class=\"elementor-widget-wrap elementor-element-populated\">\n\t\t\t\t\t\t<div class=\"elementor-element elementor-element-331e932 elementor-widget elementor-widget-image\" data-id=\"331e932\" data-element_type=\"widget\" data-e-type=\"widget\" data-widget_type=\"image.default\">\n\t\t\t\t<div class=\"elementor-widget-container\">\n\t\t\t\t\t\t\t\t\t\t\t\t\t\t\t<img decoding=\"async\" width=\"300\" height=\"73\" src=\"https:\/\/estila.org\/residencia\/wp-content\/uploads\/2019\/03\/logolider3original-300x73.png\" class=\"attachment-medium size-medium wp-image-4033\" alt=\"\" srcset=\"https:\/\/estila.org\/residencia\/wp-content\/uploads\/2019\/03\/logolider3original-300x73.png 300w, https:\/\/estila.org\/residencia\/wp-content\/uploads\/2019\/03\/logolider3original.png 391w\" sizes=\"(max-width: 300px) 100vw, 300px\" title=\"Proyecto Personal Residencia Universitaria en Santiago de Compostela y Colegio Mayor\" \/>\t\t\t\t\t\t\t\t\t\t\t\t\t\t\t<\/div>\n\t\t\t\t<\/div>\n\t\t\t\t\t<\/div>\n\t\t<\/div>\n\t\t\t\t\t<\/div>\n\t\t<\/section>\n\t\t\t\t<section class=\"elementor-section elementor-top-section elementor-element elementor-element-dab2412 elementor-section-stretched elementor-section-full_width elementor-section-height-min-height elementor-section-content-middle animated-slow elementor-section-height-default elementor-section-items-middle elementor-invisible\" data-id=\"dab2412\" data-element_type=\"section\" data-e-type=\"section\" data-settings=\"{&quot;stretch_section&quot;:&quot;section-stretched&quot;,&quot;background_background&quot;:&quot;classic&quot;,&quot;animation&quot;:&quot;fadeIn&quot;}\">\n\t\t\t\t\t\t<div class=\"elementor-container elementor-column-gap-no\">\n\t\t\t\t\t<div class=\"elementor-column elementor-col-100 elementor-top-column elementor-element elementor-element-3124ab0\" data-id=\"3124ab0\" data-element_type=\"column\" data-e-type=\"column\">\n\t\t\t<div class=\"elementor-widget-wrap elementor-element-populated\">\n\t\t\t\t\t\t<div class=\"elementor-element elementor-element-cc41ccf elementor-widget elementor-widget-heading\" data-id=\"cc41ccf\" data-element_type=\"widget\" data-e-type=\"widget\" data-widget_type=\"heading.default\">\n\t\t\t\t<div class=\"elementor-widget-container\">\n\t\t\t\t\t<h2 class=\"elementor-heading-title elementor-size-default\">Todas las actividades del Colegio Mayor est\u00e1n englobadas dentro<br>del PROGRAMA de DESARROLLO UNIVERSITARIO \u201cL\u00edder3\"<\/h2>\t\t\t\t<\/div>\n\t\t\t\t<\/div>\n\t\t\t\t\t<\/div>\n\t\t<\/div>\n\t\t\t\t\t<\/div>\n\t\t<\/section>\n\t\t\t\t<section class=\"elementor-section elementor-top-section elementor-element elementor-element-adacc66 elementor-section-stretched elementor-section-height-min-height elementor-section-content-middle animated-slow elementor-section-boxed elementor-section-height-default elementor-section-items-middle elementor-invisible\" data-id=\"adacc66\" data-element_type=\"section\" data-e-type=\"section\" data-settings=\"{&quot;stretch_section&quot;:&quot;section-stretched&quot;,&quot;animation&quot;:&quot;fadeIn&quot;}\">\n\t\t\t\t\t\t<div class=\"elementor-container elementor-column-gap-no\">\n\t\t\t\t\t<div class=\"elementor-column elementor-col-100 elementor-top-column elementor-element elementor-element-c3eaf8d\" data-id=\"c3eaf8d\" data-element_type=\"column\" data-e-type=\"column\">\n\t\t\t<div class=\"elementor-widget-wrap elementor-element-populated\">\n\t\t\t\t\t\t<div class=\"elementor-element elementor-element-47a5a14 elementor-widget-divider--view-line elementor-widget elementor-widget-divider\" data-id=\"47a5a14\" data-element_type=\"widget\" data-e-type=\"widget\" data-widget_type=\"divider.default\">\n\t\t\t\t<div class=\"elementor-widget-container\">\n\t\t\t\t\t\t\t<div class=\"elementor-divider\">\n\t\t\t<span class=\"elementor-divider-separator\">\n\t\t\t\t\t\t<\/span>\n\t\t<\/div>\n\t\t\t\t\t\t<\/div>\n\t\t\t\t<\/div>\n\t\t\t\t\t<\/div>\n\t\t<\/div>\n\t\t\t\t\t<\/div>\n\t\t<\/section>\n\t\t\t\t<section class=\"elementor-section elementor-top-section elementor-element elementor-element-98f58a3 elementor-section-stretched elementor-section-content-middle animated-slow elementor-section-boxed elementor-section-height-default elementor-section-height-default elementor-invisible\" data-id=\"98f58a3\" data-element_type=\"section\" data-e-type=\"section\" data-settings=\"{&quot;stretch_section&quot;:&quot;section-stretched&quot;,&quot;animation&quot;:&quot;fadeIn&quot;}\">\n\t\t\t\t\t\t<div class=\"elementor-container elementor-column-gap-extended\">\n\t\t\t\t\t<div class=\"elementor-column elementor-col-50 elementor-top-column elementor-element elementor-element-07ae262\" data-id=\"07ae262\" data-element_type=\"column\" data-e-type=\"column\">\n\t\t\t<div class=\"elementor-widget-wrap elementor-element-populated\">\n\t\t\t\t\t\t<div class=\"elementor-element elementor-element-43dd778 elementor-view-stacked elementor-shape-circle elementor-widget elementor-widget-icon\" data-id=\"43dd778\" data-element_type=\"widget\" data-e-type=\"widget\" data-widget_type=\"icon.default\">\n\t\t\t\t<div class=\"elementor-widget-container\">\n\t\t\t\t\t\t\t<div class=\"elementor-icon-wrapper\">\n\t\t\t<div class=\"elementor-icon\">\n\t\t\t<i aria-hidden=\"true\" class=\"fas fa-users\"><\/i>\t\t\t<\/div>\n\t\t<\/div>\n\t\t\t\t\t\t<\/div>\n\t\t\t\t<\/div>\n\t\t\t\t<div class=\"elementor-element elementor-element-8ffc82d elementor-widget elementor-widget-heading\" data-id=\"8ffc82d\" data-element_type=\"widget\" data-e-type=\"widget\" data-widget_type=\"heading.default\">\n\t\t\t\t<div class=\"elementor-widget-container\">\n\t\t\t\t\t<h2 class=\"elementor-heading-title elementor-size-default\">\u00bfQu\u00e9 es el L\u00edder3?<\/h2>\t\t\t\t<\/div>\n\t\t\t\t<\/div>\n\t\t\t\t<div class=\"elementor-element elementor-element-6d07e7e elementor-widget elementor-widget-text-editor\" data-id=\"6d07e7e\" data-element_type=\"widget\" data-e-type=\"widget\" data-widget_type=\"text-editor.default\">\n\t\t\t\t<div class=\"elementor-widget-container\">\n\t\t\t\t\t\t\t\t\t<p>Es el programa por el que se acredita el nivel de competencia que un residente de La Estila adquiere a trav\u00e9s de las actividades que realiza en el Colegio Mayor.<\/p>\t\t\t\t\t\t\t\t<\/div>\n\t\t\t\t<\/div>\n\t\t\t\t\t<\/div>\n\t\t<\/div>\n\t\t\t\t<div class=\"elementor-column elementor-col-50 elementor-top-column elementor-element elementor-element-339b1c1\" data-id=\"339b1c1\" data-element_type=\"column\" data-e-type=\"column\">\n\t\t\t<div class=\"elementor-widget-wrap elementor-element-populated\">\n\t\t\t\t\t\t<div class=\"elementor-element elementor-element-d76e957 elementor-view-stacked elementor-shape-circle elementor-widget elementor-widget-icon\" data-id=\"d76e957\" data-element_type=\"widget\" data-e-type=\"widget\" data-widget_type=\"icon.default\">\n\t\t\t\t<div class=\"elementor-widget-container\">\n\t\t\t\t\t\t\t<div class=\"elementor-icon-wrapper\">\n\t\t\t<div class=\"elementor-icon\">\n\t\t\t<i aria-hidden=\"true\" class=\"far fa-handshake\"><\/i>\t\t\t<\/div>\n\t\t<\/div>\n\t\t\t\t\t\t<\/div>\n\t\t\t\t<\/div>\n\t\t\t\t<div class=\"elementor-element elementor-element-d5774b5 elementor-widget elementor-widget-heading\" data-id=\"d5774b5\" data-element_type=\"widget\" data-e-type=\"widget\" data-widget_type=\"heading.default\">\n\t\t\t\t<div class=\"elementor-widget-container\">\n\t\t\t\t\t<h2 class=\"elementor-heading-title elementor-size-default\">\u00bfPara qu\u00e9 sirve?<\/h2>\t\t\t\t<\/div>\n\t\t\t\t<\/div>\n\t\t\t\t<div class=\"elementor-element elementor-element-4586e4c elementor-widget elementor-widget-text-editor\" data-id=\"4586e4c\" data-element_type=\"widget\" data-e-type=\"widget\" data-widget_type=\"text-editor.default\">\n\t\t\t\t<div class=\"elementor-widget-container\">\n\t\t\t\t\t\t\t\t\t<p>Para dar reconocimiento p\u00fablico y formal al aprovechamiento de las actividades que realizas en el Colegio Mayor y que puedes adjuntar a tu curr\u00edculum. Lo que acredita el L\u00edder3 puede ser el elemento que te diferencie en una entrevista de trabajo.<\/p>\t\t\t\t\t\t\t\t<\/div>\n\t\t\t\t<\/div>\n\t\t\t\t\t<\/div>\n\t\t<\/div>\n\t\t\t\t\t<\/div>\n\t\t<\/section>\n\t\t\t\t<section class=\"elementor-section elementor-top-section elementor-element elementor-element-0964128 elementor-section-stretched elementor-section-height-min-height elementor-section-content-middle animated-slow elementor-section-boxed elementor-section-height-default elementor-section-items-middle elementor-invisible\" data-id=\"0964128\" data-element_type=\"section\" data-e-type=\"section\" data-settings=\"{&quot;stretch_section&quot;:&quot;section-stretched&quot;,&quot;background_background&quot;:&quot;classic&quot;,&quot;animation&quot;:&quot;fadeIn&quot;}\">\n\t\t\t\t\t\t<div class=\"elementor-container elementor-column-gap-no\">\n\t\t\t\t\t<div class=\"elementor-column elementor-col-100 elementor-top-column elementor-element elementor-element-d0a227b\" data-id=\"d0a227b\" data-element_type=\"column\" data-e-type=\"column\">\n\t\t\t<div class=\"elementor-widget-wrap elementor-element-populated\">\n\t\t\t\t\t\t<div class=\"elementor-element elementor-element-02e2871 elementor-widget elementor-widget-heading\" data-id=\"02e2871\" data-element_type=\"widget\" data-e-type=\"widget\" data-widget_type=\"heading.default\">\n\t\t\t\t<div class=\"elementor-widget-container\">\n\t\t\t\t\t<h2 class=\"elementor-heading-title elementor-size-default\">Se enfocan desde tres \u00e1mbitos que parecen fundamentales en la formaci\u00f3n de un l\u00edder universitario<\/h2>\t\t\t\t<\/div>\n\t\t\t\t<\/div>\n\t\t\t\t\t<\/div>\n\t\t<\/div>\n\t\t\t\t\t<\/div>\n\t\t<\/section>\n\t\t\t\t<section class=\"elementor-section elementor-top-section elementor-element elementor-element-1db2d39 elementor-section-stretched elementor-section-full_width elementor-section-height-min-height elementor-section-content-middle animated-slow elementor-section-height-default elementor-section-items-middle elementor-invisible\" data-id=\"1db2d39\" data-element_type=\"section\" data-e-type=\"section\" data-settings=\"{&quot;stretch_section&quot;:&quot;section-stretched&quot;,&quot;background_background&quot;:&quot;classic&quot;,&quot;animation&quot;:&quot;fadeIn&quot;}\">\n\t\t\t\t\t\t<div class=\"elementor-container elementor-column-gap-no\">\n\t\t\t\t\t<div class=\"elementor-column elementor-col-100 elementor-top-column elementor-element elementor-element-e8b435a\" data-id=\"e8b435a\" data-element_type=\"column\" data-e-type=\"column\">\n\t\t\t<div class=\"elementor-widget-wrap elementor-element-populated\">\n\t\t\t\t\t\t<div class=\"elementor-element elementor-element-f13e4d4 elementor-widget elementor-widget-image\" data-id=\"f13e4d4\" data-element_type=\"widget\" data-e-type=\"widget\" data-widget_type=\"image.default\">\n\t\t\t\t<div class=\"elementor-widget-container\">\n\t\t\t\t\t\t\t\t\t\t\t\t\t\t\t\t<a href=\"https:\/\/estila.org\/residencia\/wp-content\/uploads\/2019\/03\/Captura-de-pantalla-2019-03-24-a-las-10.39.42.png\" data-elementor-open-lightbox=\"yes\" data-elementor-lightbox-title=\"Captura de pantalla 2019-03-24 a las 10.39.42\" data-e-action-hash=\"#elementor-action%3Aaction%3Dlightbox%26settings%3DeyJpZCI6NDA1MCwidXJsIjoiaHR0cHM6XC9cL2VzdGlsYS5vcmdcL3Jlc2lkZW5jaWFcL3dwLWNvbnRlbnRcL3VwbG9hZHNcLzIwMTlcLzAzXC9DYXB0dXJhLWRlLXBhbnRhbGxhLTIwMTktMDMtMjQtYS1sYXMtMTAuMzkuNDIucG5nIn0%3D\">\n\t\t\t\t\t\t\t<img fetchpriority=\"high\" decoding=\"async\" width=\"825\" height=\"524\" src=\"https:\/\/estila.org\/residencia\/wp-content\/uploads\/2019\/03\/Captura-de-pantalla-2019-03-24-a-las-10.39.42-1024x650.png\" class=\"attachment-large size-large wp-image-4050\" alt=\"\" srcset=\"https:\/\/estila.org\/residencia\/wp-content\/uploads\/2019\/03\/Captura-de-pantalla-2019-03-24-a-las-10.39.42-1024x650.png 1024w, https:\/\/estila.org\/residencia\/wp-content\/uploads\/2019\/03\/Captura-de-pantalla-2019-03-24-a-las-10.39.42-300x190.png 300w, https:\/\/estila.org\/residencia\/wp-content\/uploads\/2019\/03\/Captura-de-pantalla-2019-03-24-a-las-10.39.42-768x487.png 768w, https:\/\/estila.org\/residencia\/wp-content\/uploads\/2019\/03\/Captura-de-pantalla-2019-03-24-a-las-10.39.42.png 1474w\" sizes=\"(max-width: 825px) 100vw, 825px\" title=\"Proyecto Personal Residencia Universitaria en Santiago de Compostela y Colegio Mayor\" \/>\t\t\t\t\t\t\t\t<\/a>\n\t\t\t\t\t\t\t\t\t\t\t\t\t\t\t<\/div>\n\t\t\t\t<\/div>\n\t\t\t\t\t<\/div>\n\t\t<\/div>\n\t\t\t\t\t<\/div>\n\t\t<\/section>\n\t\t\t\t<\/div>\n\t\t","protected":false},"excerpt":{"rendered":"<p>La Estila es un lugar muy c\u00f3modo para vivir y solo por eso ya vale la pena pedir plaza. Es un entorno muy enriquecedor por el gran n\u00famero de invitados profesionalmente muy valiosos que acuden a las tertulias y las actividades culturales, las conversaciones peri\u00f3dicas de todos los residentes con el tutor o las conversaciones &#8230; <\/p>\n<p class=\"read-more-container\"><a title=\"Proyecto Personal\" class=\"read-more button\" href=\"https:\/\/estila.org\/residencia\/proyecto-educativo\/#more-5666\" aria-label=\"Leer m\u00e1s sobre Proyecto Personal\">Leer m\u00e1s<\/a><\/p>\n","protected":false},"author":7,"featured_media":0,"parent":0,"menu_order":0,"comment_status":"closed","ping_status":"closed","template":"elementor_header_footer","meta":{"footnotes":""},"class_list":{"0":"post-5666","1":"page","2":"type-page","3":"status-publish","5":"infinite-scroll-item"},"aioseo_notices":[],"_links":{"self":[{"href":"https:\/\/estila.org\/residencia\/wp-json\/wp\/v2\/pages\/5666","targetHints":{"allow":["GET"]}}],"collection":[{"href":"https:\/\/estila.org\/residencia\/wp-json\/wp\/v2\/pages"}],"about":[{"href":"https:\/\/estila.org\/residencia\/wp-json\/wp\/v2\/types\/page"}],"author":[{"embeddable":true,"href":"https:\/\/estila.org\/residencia\/wp-json\/wp\/v2\/users\/7"}],"replies":[{"embeddable":true,"href":"https:\/\/estila.org\/residencia\/wp-json\/wp\/v2\/comments?post=5666"}],"version-history":[{"count":83,"href":"https:\/\/estila.org\/residencia\/wp-json\/wp\/v2\/pages\/5666\/revisions"}],"predecessor-version":[{"id":6579,"href":"https:\/\/estila.org\/residencia\/wp-json\/wp\/v2\/pages\/5666\/revisions\/6579"}],"wp:attachment":[{"href":"https:\/\/estila.org\/residencia\/wp-json\/wp\/v2\/media?parent=5666"}],"curies":[{"name":"wp","href":"https:\/\/api.w.org\/{rel}","templated":true}]}}