{"id":3458,"date":"2017-05-23T18:36:33","date_gmt":"2017-05-23T18:36:33","guid":{"rendered":"https:\/\/estila.org\/residencia\/?page_id=3458"},"modified":"2025-10-27T12:43:58","modified_gmt":"2025-10-27T12:43:58","slug":"conocenos-2","status":"publish","type":"page","link":"https:\/\/estila.org\/residencia\/conocenos-2\/","title":{"rendered":"Con\u00f3cenos"},"content":{"rendered":"\t\t<div data-elementor-type=\"wp-post\" data-elementor-id=\"3458\" class=\"elementor elementor-3458\" data-elementor-post-type=\"page\">\n\t\t\t\t\t\t<section class=\"elementor-section elementor-top-section elementor-element elementor-element-bb8dad9 elementor-section-stretched elementor-section-full_width elementor-section-height-min-height elementor-section-height-default elementor-section-items-middle\" data-id=\"bb8dad9\" data-element_type=\"section\" data-e-type=\"section\" data-settings=\"{&quot;stretch_section&quot;:&quot;section-stretched&quot;,&quot;background_background&quot;:&quot;classic&quot;}\">\n\t\t\t\t\t\t\t<div class=\"elementor-background-overlay\"><\/div>\n\t\t\t\t\t\t\t<div class=\"elementor-container elementor-column-gap-no\">\n\t\t\t\t\t<div class=\"elementor-column elementor-col-100 elementor-top-column elementor-element elementor-element-ae1242e\" data-id=\"ae1242e\" data-element_type=\"column\" data-e-type=\"column\">\n\t\t\t<div class=\"elementor-widget-wrap\">\n\t\t\t\t\t\t\t<\/div>\n\t\t<\/div>\n\t\t\t\t\t<\/div>\n\t\t<\/section>\n\t\t\t\t<section class=\"elementor-section elementor-top-section elementor-element elementor-element-46faefc elementor-section-stretched elementor-section-height-min-height elementor-section-content-middle animated-slow elementor-section-boxed elementor-section-height-default elementor-section-items-middle elementor-invisible\" data-id=\"46faefc\" data-element_type=\"section\" data-e-type=\"section\" data-settings=\"{&quot;stretch_section&quot;:&quot;section-stretched&quot;,&quot;animation&quot;:&quot;fadeIn&quot;}\">\n\t\t\t\t\t\t<div class=\"elementor-container elementor-column-gap-no\">\n\t\t\t\t\t<div class=\"elementor-column elementor-col-100 elementor-top-column elementor-element elementor-element-c1fc79b\" data-id=\"c1fc79b\" data-element_type=\"column\" data-e-type=\"column\">\n\t\t\t<div class=\"elementor-widget-wrap elementor-element-populated\">\n\t\t\t\t\t\t<div class=\"elementor-element elementor-element-91d774e elementor-widget elementor-widget-heading\" data-id=\"91d774e\" data-element_type=\"widget\" data-e-type=\"widget\" data-widget_type=\"heading.default\">\n\t\t\t\t<div class=\"elementor-widget-container\">\n\t\t\t\t\t<h2 class=\"elementor-heading-title elementor-size-default\">CON\u00d3CENOS<\/h2>\t\t\t\t<\/div>\n\t\t\t\t<\/div>\n\t\t\t\t\t<\/div>\n\t\t<\/div>\n\t\t\t\t\t<\/div>\n\t\t<\/section>\n\t\t\t\t<section class=\"elementor-section elementor-top-section elementor-element elementor-element-e441dd9 elementor-section-stretched elementor-section-height-min-height elementor-section-content-middle animated-slow elementor-section-boxed elementor-section-height-default elementor-section-items-middle elementor-invisible\" data-id=\"e441dd9\" data-element_type=\"section\" data-e-type=\"section\" data-settings=\"{&quot;stretch_section&quot;:&quot;section-stretched&quot;,&quot;animation&quot;:&quot;fadeIn&quot;}\">\n\t\t\t\t\t\t<div class=\"elementor-container elementor-column-gap-no\">\n\t\t\t\t\t<div class=\"elementor-column elementor-col-100 elementor-top-column elementor-element elementor-element-6854a1c\" data-id=\"6854a1c\" data-element_type=\"column\" data-e-type=\"column\">\n\t\t\t<div class=\"elementor-widget-wrap elementor-element-populated\">\n\t\t\t\t\t\t<div class=\"elementor-element elementor-element-bc718d8 elementor-widget elementor-widget-heading\" data-id=\"bc718d8\" data-element_type=\"widget\" data-e-type=\"widget\" data-widget_type=\"heading.default\">\n\t\t\t\t<div class=\"elementor-widget-container\">\n\t\t\t\t\t<h2 class=\"elementor-heading-title elementor-size-default\">LO MEJOR... LAS PERSONAS<\/h2>\t\t\t\t<\/div>\n\t\t\t\t<\/div>\n\t\t\t\t<div class=\"elementor-element elementor-element-d3c4a91 elementor-widget-divider--view-line elementor-widget elementor-widget-divider\" data-id=\"d3c4a91\" data-element_type=\"widget\" data-e-type=\"widget\" data-widget_type=\"divider.default\">\n\t\t\t\t<div class=\"elementor-widget-container\">\n\t\t\t\t\t\t\t<div class=\"elementor-divider\">\n\t\t\t<span class=\"elementor-divider-separator\">\n\t\t\t\t\t\t<\/span>\n\t\t<\/div>\n\t\t\t\t\t\t<\/div>\n\t\t\t\t<\/div>\n\t\t\t\t\t<\/div>\n\t\t<\/div>\n\t\t\t\t\t<\/div>\n\t\t<\/section>\n\t\t\t\t<section class=\"elementor-section elementor-top-section elementor-element elementor-element-fd9c954 elementor-section-stretched animated-slow elementor-section-boxed elementor-section-height-default elementor-section-height-default elementor-invisible\" data-id=\"fd9c954\" data-element_type=\"section\" data-e-type=\"section\" data-settings=\"{&quot;stretch_section&quot;:&quot;section-stretched&quot;,&quot;animation&quot;:&quot;fadeIn&quot;}\">\n\t\t\t\t\t\t<div class=\"elementor-container elementor-column-gap-default\">\n\t\t\t\t\t<div class=\"elementor-column elementor-col-33 elementor-top-column elementor-element elementor-element-007801f\" data-id=\"007801f\" data-element_type=\"column\" data-e-type=\"column\">\n\t\t\t<div class=\"elementor-widget-wrap elementor-element-populated\">\n\t\t\t\t\t\t<div class=\"elementor-element elementor-element-2921e3b elementor-widget elementor-widget-video\" data-id=\"2921e3b\" data-element_type=\"widget\" data-e-type=\"widget\" data-settings=\"{&quot;youtube_url&quot;:&quot;https:\\\/\\\/youtu.be\\\/sx5uHuQmoP4&quot;,&quot;video_type&quot;:&quot;youtube&quot;,&quot;controls&quot;:&quot;yes&quot;}\" data-widget_type=\"video.default\">\n\t\t\t\t<div class=\"elementor-widget-container\">\n\t\t\t\t\t\t\t<div class=\"elementor-wrapper elementor-open-inline\">\n\t\t\t<div class=\"elementor-video\"><\/div>\t\t<\/div>\n\t\t\t\t\t\t<\/div>\n\t\t\t\t<\/div>\n\t\t\t\t<div class=\"elementor-element elementor-element-dc8acb3 elementor-widget elementor-widget-heading\" data-id=\"dc8acb3\" data-element_type=\"widget\" data-e-type=\"widget\" data-widget_type=\"heading.default\">\n\t\t\t\t<div class=\"elementor-widget-container\">\n\t\t\t\t\t<h2 class=\"elementor-heading-title elementor-size-default\">COLEGIO MAYOR<br>LA ESTILA<\/h2>\t\t\t\t<\/div>\n\t\t\t\t<\/div>\n\t\t\t\t<div class=\"elementor-element elementor-element-7044338 elementor-widget elementor-widget-text-editor\" data-id=\"7044338\" data-element_type=\"widget\" data-e-type=\"widget\" data-widget_type=\"text-editor.default\">\n\t\t\t\t<div class=\"elementor-widget-container\">\n\t\t\t\t\t\t\t\t\t<p>Ambiente de estudio, trabajo y compa\u00f1erismo que facilita la integraci\u00f3n en la vida universitaria.<\/p>\t\t\t\t\t\t\t\t<\/div>\n\t\t\t\t<\/div>\n\t\t\t\t\t<\/div>\n\t\t<\/div>\n\t\t\t\t<div class=\"elementor-column elementor-col-33 elementor-top-column elementor-element elementor-element-99e7839\" data-id=\"99e7839\" data-element_type=\"column\" data-e-type=\"column\">\n\t\t\t<div class=\"elementor-widget-wrap elementor-element-populated\">\n\t\t\t\t\t\t<div class=\"elementor-element elementor-element-8d3c808 elementor-widget elementor-widget-video\" data-id=\"8d3c808\" data-element_type=\"widget\" data-e-type=\"widget\" data-settings=\"{&quot;youtube_url&quot;:&quot;https:\\\/\\\/youtu.be\\\/DO58F_TK3Gk&quot;,&quot;video_type&quot;:&quot;youtube&quot;,&quot;controls&quot;:&quot;yes&quot;}\" data-widget_type=\"video.default\">\n\t\t\t\t<div class=\"elementor-widget-container\">\n\t\t\t\t\t\t\t<div class=\"elementor-wrapper elementor-open-inline\">\n\t\t\t<div class=\"elementor-video\"><\/div>\t\t<\/div>\n\t\t\t\t\t\t<\/div>\n\t\t\t\t<\/div>\n\t\t\t\t<div class=\"elementor-element elementor-element-202b984 elementor-widget elementor-widget-heading\" data-id=\"202b984\" data-element_type=\"widget\" data-e-type=\"widget\" data-widget_type=\"heading.default\">\n\t\t\t\t<div class=\"elementor-widget-container\">\n\t\t\t\t\t<h2 class=\"elementor-heading-title elementor-size-default\">LO MEJOR<br>LAS PERSONAS<\/h2>\t\t\t\t<\/div>\n\t\t\t\t<\/div>\n\t\t\t\t<div class=\"elementor-element elementor-element-da063e1 elementor-widget elementor-widget-text-editor\" data-id=\"da063e1\" data-element_type=\"widget\" data-e-type=\"widget\" data-widget_type=\"text-editor.default\">\n\t\t\t\t<div class=\"elementor-widget-container\">\n\t\t\t\t\t\t\t\t\t<p>Lo m\u00e1s importante de La Estila son las personas y el <strong>ambiente familiar\u00a0<\/strong>que se genera entre ellas.<\/p>\t\t\t\t\t\t\t\t<\/div>\n\t\t\t\t<\/div>\n\t\t\t\t\t<\/div>\n\t\t<\/div>\n\t\t\t\t<div class=\"elementor-column elementor-col-33 elementor-top-column elementor-element elementor-element-36a4b9c\" data-id=\"36a4b9c\" data-element_type=\"column\" data-e-type=\"column\">\n\t\t\t<div class=\"elementor-widget-wrap elementor-element-populated\">\n\t\t\t\t\t\t<div class=\"elementor-element elementor-element-69b9212 elementor-widget elementor-widget-video\" data-id=\"69b9212\" data-element_type=\"widget\" data-e-type=\"widget\" data-settings=\"{&quot;youtube_url&quot;:&quot;https:\\\/\\\/youtu.be\\\/g-i4Be-fSeY&quot;,&quot;video_type&quot;:&quot;youtube&quot;,&quot;controls&quot;:&quot;yes&quot;}\" data-widget_type=\"video.default\">\n\t\t\t\t<div class=\"elementor-widget-container\">\n\t\t\t\t\t\t\t<div class=\"elementor-wrapper elementor-open-inline\">\n\t\t\t<div class=\"elementor-video\"><\/div>\t\t<\/div>\n\t\t\t\t\t\t<\/div>\n\t\t\t\t<\/div>\n\t\t\t\t<div class=\"elementor-element elementor-element-93b6592 elementor-widget elementor-widget-heading\" data-id=\"93b6592\" data-element_type=\"widget\" data-e-type=\"widget\" data-widget_type=\"heading.default\">\n\t\t\t\t<div class=\"elementor-widget-container\">\n\t\t\t\t\t<h2 class=\"elementor-heading-title elementor-size-default\">CONVIVIR EN UN<br>COLEGIO MAYOR<\/h2>\t\t\t\t<\/div>\n\t\t\t\t<\/div>\n\t\t\t\t<div class=\"elementor-element elementor-element-f80af52 elementor-widget elementor-widget-text-editor\" data-id=\"f80af52\" data-element_type=\"widget\" data-e-type=\"widget\" data-widget_type=\"text-editor.default\">\n\t\t\t\t<div class=\"elementor-widget-container\">\n\t\t\t\t\t\t\t\t\t<p>Y es que un <strong>Colegio Mayor<\/strong>, m\u00e1s all\u00e1 de ser un centro acad\u00e9mico, es un <strong>lugar de convivencia<\/strong>.<\/p>\t\t\t\t\t\t\t\t<\/div>\n\t\t\t\t<\/div>\n\t\t\t\t\t<\/div>\n\t\t<\/div>\n\t\t\t\t\t<\/div>\n\t\t<\/section>\n\t\t\t\t<section class=\"elementor-section elementor-top-section elementor-element elementor-element-11f1c99 elementor-section-stretched elementor-section-full_width elementor-section-height-min-height animated-slow elementor-section-height-default elementor-section-items-middle elementor-invisible\" data-id=\"11f1c99\" data-element_type=\"section\" data-e-type=\"section\" data-settings=\"{&quot;stretch_section&quot;:&quot;section-stretched&quot;,&quot;background_background&quot;:&quot;classic&quot;,&quot;animation&quot;:&quot;fadeIn&quot;}\">\n\t\t\t\t\t\t\t<div class=\"elementor-background-overlay\"><\/div>\n\t\t\t\t\t\t\t<div class=\"elementor-container elementor-column-gap-no\">\n\t\t\t\t\t<div class=\"elementor-column elementor-col-100 elementor-top-column elementor-element elementor-element-af761b5\" data-id=\"af761b5\" data-element_type=\"column\" data-e-type=\"column\">\n\t\t\t<div class=\"elementor-widget-wrap elementor-element-populated\">\n\t\t\t\t\t\t<div class=\"elementor-element elementor-element-f6ade97 elementor-widget elementor-widget-image\" data-id=\"f6ade97\" data-element_type=\"widget\" data-e-type=\"widget\" data-widget_type=\"image.default\">\n\t\t\t\t<div class=\"elementor-widget-container\">\n\t\t\t\t\t\t\t\t\t\t\t\t\t\t\t<img decoding=\"async\" width=\"300\" height=\"69\" src=\"https:\/\/estila.org\/residencia\/wp-content\/uploads\/2019\/03\/Logoblanco-300x69.png\" class=\"attachment-medium size-medium wp-image-3778\" alt=\"\" srcset=\"https:\/\/estila.org\/residencia\/wp-content\/uploads\/2019\/03\/Logoblanco-300x69.png 300w, https:\/\/estila.org\/residencia\/wp-content\/uploads\/2019\/03\/Logoblanco.png 356w\" sizes=\"(max-width: 300px) 100vw, 300px\" title=\"Con\u00f3cenos Residencia Universitaria en Santiago de Compostela y Colegio Mayor\" \/>\t\t\t\t\t\t\t\t\t\t\t\t\t\t\t<\/div>\n\t\t\t\t<\/div>\n\t\t\t\t\t<\/div>\n\t\t<\/div>\n\t\t\t\t\t<\/div>\n\t\t<\/section>\n\t\t\t\t<section class=\"elementor-section elementor-top-section elementor-element elementor-element-dcdbf83 elementor-section-stretched elementor-section-height-min-height elementor-section-content-middle animated-slow elementor-section-boxed elementor-section-height-default elementor-section-items-middle elementor-invisible\" data-id=\"dcdbf83\" data-element_type=\"section\" data-e-type=\"section\" data-settings=\"{&quot;stretch_section&quot;:&quot;section-stretched&quot;,&quot;animation&quot;:&quot;fadeIn&quot;}\">\n\t\t\t\t\t\t<div class=\"elementor-container elementor-column-gap-no\">\n\t\t\t\t\t<div class=\"elementor-column elementor-col-100 elementor-top-column elementor-element elementor-element-5749fe8\" data-id=\"5749fe8\" data-element_type=\"column\" data-e-type=\"column\">\n\t\t\t<div class=\"elementor-widget-wrap elementor-element-populated\">\n\t\t\t\t\t\t<div class=\"elementor-element elementor-element-e8c2b3f elementor-widget elementor-widget-image\" data-id=\"e8c2b3f\" data-element_type=\"widget\" data-e-type=\"widget\" data-widget_type=\"image.default\">\n\t\t\t\t<div class=\"elementor-widget-container\">\n\t\t\t\t\t\t\t\t\t\t\t\t\t\t\t<img decoding=\"async\" width=\"150\" height=\"150\" src=\"https:\/\/estila.org\/residencia\/wp-content\/uploads\/2019\/03\/logodelsitio-150x150.png\" class=\"attachment-thumbnail size-thumbnail wp-image-3687\" alt=\"\" srcset=\"https:\/\/estila.org\/residencia\/wp-content\/uploads\/2019\/03\/logodelsitio-150x150.png 150w, https:\/\/estila.org\/residencia\/wp-content\/uploads\/2019\/03\/logodelsitio.png 255w\" sizes=\"(max-width: 150px) 100vw, 150px\" title=\"Con\u00f3cenos Residencia Universitaria en Santiago de Compostela y Colegio Mayor\" \/>\t\t\t\t\t\t\t\t\t\t\t\t\t\t\t<\/div>\n\t\t\t\t<\/div>\n\t\t\t\t<div class=\"elementor-element elementor-element-1dda764 elementor-widget elementor-widget-heading\" data-id=\"1dda764\" data-element_type=\"widget\" data-e-type=\"widget\" data-widget_type=\"heading.default\">\n\t\t\t\t<div class=\"elementor-widget-container\">\n\t\t\t\t\t<h2 class=\"elementor-heading-title elementor-size-default\">BIENVENIDO A LA ESTILA<\/h2>\t\t\t\t<\/div>\n\t\t\t\t<\/div>\n\t\t\t\t<div class=\"elementor-element elementor-element-12cec7d elementor-widget-divider--view-line elementor-widget elementor-widget-divider\" data-id=\"12cec7d\" data-element_type=\"widget\" data-e-type=\"widget\" data-widget_type=\"divider.default\">\n\t\t\t\t<div class=\"elementor-widget-container\">\n\t\t\t\t\t\t\t<div class=\"elementor-divider\">\n\t\t\t<span class=\"elementor-divider-separator\">\n\t\t\t\t\t\t<\/span>\n\t\t<\/div>\n\t\t\t\t\t\t<\/div>\n\t\t\t\t<\/div>\n\t\t\t\t\t<\/div>\n\t\t<\/div>\n\t\t\t\t\t<\/div>\n\t\t<\/section>\n\t\t\t\t<section class=\"elementor-section elementor-top-section elementor-element elementor-element-551b474 animated-slow elementor-section-boxed elementor-section-height-default elementor-section-height-default elementor-invisible\" data-id=\"551b474\" data-element_type=\"section\" data-e-type=\"section\" data-settings=\"{&quot;animation&quot;:&quot;fadeIn&quot;}\">\n\t\t\t\t\t\t<div class=\"elementor-container elementor-column-gap-default\">\n\t\t\t\t\t<div class=\"elementor-column elementor-col-100 elementor-top-column elementor-element elementor-element-4cebe66\" data-id=\"4cebe66\" data-element_type=\"column\" data-e-type=\"column\">\n\t\t\t<div class=\"elementor-widget-wrap elementor-element-populated\">\n\t\t\t\t\t\t<section class=\"elementor-section elementor-inner-section elementor-element elementor-element-1912c24 elementor-section-boxed elementor-section-height-default elementor-section-height-default\" data-id=\"1912c24\" data-element_type=\"section\" data-e-type=\"section\">\n\t\t\t\t\t\t<div class=\"elementor-container elementor-column-gap-default\">\n\t\t\t\t\t<div class=\"elementor-column elementor-col-50 elementor-inner-column elementor-element elementor-element-e5fb188\" data-id=\"e5fb188\" data-element_type=\"column\" data-e-type=\"column\">\n\t\t\t<div class=\"elementor-widget-wrap elementor-element-populated\">\n\t\t\t\t\t\t<div class=\"elementor-element elementor-element-5789d4d elementor-widget elementor-widget-heading\" data-id=\"5789d4d\" data-element_type=\"widget\" data-e-type=\"widget\" data-widget_type=\"heading.default\">\n\t\t\t\t<div class=\"elementor-widget-container\">\n\t\t\t\t\t<h2 class=\"elementor-heading-title elementor-size-default\">TU CASA<br>EN SANTIAGO<\/h2>\t\t\t\t<\/div>\n\t\t\t\t<\/div>\n\t\t\t\t<div class=\"elementor-element elementor-element-36f99c2 elementor-widget elementor-widget-text-editor\" data-id=\"36f99c2\" data-element_type=\"widget\" data-e-type=\"widget\" data-widget_type=\"text-editor.default\">\n\t\t\t\t<div class=\"elementor-widget-container\">\n\t\t\t\t\t\t\t\t\t<ul><li><strong>La Universidad de Santiago de Compostela (USC) <\/strong>est\u00e1 entre las 10 mejores Universidades de Espa\u00f1a seg\u00fan los rankings internacionales. \u00a0Una de las m\u00e1s antiguas y con gran prestigio. Si quieres conocer los grados que puedes cursar en la USC,<span style=\"color: #3366ff;\"><a style=\"color: #3366ff;\" href=\"http:\/\/www.usc.es\/es\/index.html\" target=\"_blank\" rel=\"noopener\"><strong> pincha aqu\u00ed.<\/strong><\/a><\/span><\/li><li><strong>Pensi\u00f3n completa, fines de semana incluidos.<\/strong> Muy importante para los que son de fuera de Galicia, que no tienen que gastar m\u00e1s y que encuentran un lugar en el que est\u00e1n a gusto para permanecer muchos meses fuera de casa.\u00a0<\/li><li><strong>Tu casa en Santiago de Compostela<\/strong>: si buscas un lugar confortable, con un buen ambiente de compa\u00f1erismo y familiar, es tu sitio. Echa un vistazo a nuestras <strong><span style=\"color: #3366ff;\"><a style=\"color: #3366ff;\" href=\"https:\/\/estila.org\/residencia\/instalaciones\/\">instalaciones<\/a><\/span>.\u00a0<\/strong><\/li><li><strong>Ambiente de estudio<\/strong> para que puedas sacar las mejores calificaciones que puedas. Los residentes de cursos superiores te ayudar\u00e1n en lo que necesites.\u00a0<\/li><\/ul>\t\t\t\t\t\t\t\t<\/div>\n\t\t\t\t<\/div>\n\t\t\t\t\t<\/div>\n\t\t<\/div>\n\t\t\t\t<div class=\"elementor-column elementor-col-50 elementor-inner-column elementor-element elementor-element-be3defa\" data-id=\"be3defa\" data-element_type=\"column\" data-e-type=\"column\">\n\t\t\t<div class=\"elementor-widget-wrap elementor-element-populated\">\n\t\t\t\t\t\t<div class=\"elementor-element elementor-element-e5be377 elementor-widget elementor-widget-heading\" data-id=\"e5be377\" data-element_type=\"widget\" data-e-type=\"widget\" data-widget_type=\"heading.default\">\n\t\t\t\t<div class=\"elementor-widget-container\">\n\t\t\t\t\t<h2 class=\"elementor-heading-title elementor-size-default\">EL MEJOR LUGAR<br>PARA CONOCER AMIGOS<\/h2>\t\t\t\t<\/div>\n\t\t\t\t<\/div>\n\t\t\t\t<div class=\"elementor-element elementor-element-43bb2ed elementor-widget elementor-widget-text-editor\" data-id=\"43bb2ed\" data-element_type=\"widget\" data-e-type=\"widget\" data-widget_type=\"text-editor.default\">\n\t\t\t\t<div class=\"elementor-widget-container\">\n\t\t\t\t\t\t\t\t\t<ul><li>Todos los que tienen que salir de casa para estudiar tienen una inquietud: con qui\u00e9n estar\u00e9, si voy a estar bien\u2026 En La Estila podr\u00e1s conocer a muchas personas y <strong>har\u00e1s\u00a0amistades para siempre<\/strong>.\u00a0<\/li><li>Muchos de los residentes que comienzan en La Estila, acaban terminando el grado aqu\u00ed de lo bien que se encuentran. Si quieres ver testimonios de gente, ve a nuestro <span style=\"color: #3366ff;\"><strong><a style=\"color: #3366ff;\" href=\"https:\/\/www.youtube.com\/channel\/UCep5YhdTNhh1mVbah00Xt8w\" target=\"_blank\" rel=\"noopener\">canal de YouTube<\/a><\/strong><\/span>, a la secci\u00f3n de <strong>Antiguos Residentes<\/strong> y de Invitados a tertulias.<\/li><li>Disfruta de las <strong>muchas actividades<\/strong> que tenemos aqu\u00ed. Y tambi\u00e9n de todas las que quieras organizar t\u00fa. Pero lo m\u00e1s importante son los planes que har\u00e1s con los muchos amigos que acabar\u00e1s teniendo. Para ver actividades, <span style=\"color: #3366ff;\"><strong><a style=\"color: #3366ff;\" href=\"https:\/\/estila.org\/residencia\/solicita-informacion\/actividades\/\">pincha aqu\u00ed<\/a><\/strong><\/span>.\u00a0<\/li><\/ul>\t\t\t\t\t\t\t\t<\/div>\n\t\t\t\t<\/div>\n\t\t\t\t\t<\/div>\n\t\t<\/div>\n\t\t\t\t\t<\/div>\n\t\t<\/section>\n\t\t\t\t\t<\/div>\n\t\t<\/div>\n\t\t\t\t\t<\/div>\n\t\t<\/section>\n\t\t\t\t<section class=\"elementor-section elementor-top-section elementor-element elementor-element-cfa6df9 elementor-section-stretched elementor-section-full_width elementor-section-height-min-height animated-slow elementor-section-height-default elementor-section-items-middle elementor-invisible\" data-id=\"cfa6df9\" data-element_type=\"section\" data-e-type=\"section\" data-settings=\"{&quot;stretch_section&quot;:&quot;section-stretched&quot;,&quot;background_background&quot;:&quot;classic&quot;,&quot;animation&quot;:&quot;fadeIn&quot;}\">\n\t\t\t\t\t\t\t<div class=\"elementor-background-overlay\"><\/div>\n\t\t\t\t\t\t\t<div class=\"elementor-container elementor-column-gap-no\">\n\t\t\t\t\t<div class=\"elementor-column elementor-col-100 elementor-top-column elementor-element elementor-element-c7760b6\" data-id=\"c7760b6\" data-element_type=\"column\" data-e-type=\"column\">\n\t\t\t<div class=\"elementor-widget-wrap elementor-element-populated\">\n\t\t\t\t\t\t<div class=\"elementor-element elementor-element-c537490 elementor-widget elementor-widget-image\" data-id=\"c537490\" data-element_type=\"widget\" data-e-type=\"widget\" data-widget_type=\"image.default\">\n\t\t\t\t<div class=\"elementor-widget-container\">\n\t\t\t\t\t\t\t\t\t\t\t\t\t\t\t<img decoding=\"async\" width=\"300\" height=\"69\" src=\"https:\/\/estila.org\/residencia\/wp-content\/uploads\/2019\/03\/Logoblanco-300x69.png\" class=\"attachment-medium size-medium wp-image-3778\" alt=\"\" srcset=\"https:\/\/estila.org\/residencia\/wp-content\/uploads\/2019\/03\/Logoblanco-300x69.png 300w, https:\/\/estila.org\/residencia\/wp-content\/uploads\/2019\/03\/Logoblanco.png 356w\" sizes=\"(max-width: 300px) 100vw, 300px\" title=\"Con\u00f3cenos Residencia Universitaria en Santiago de Compostela y Colegio Mayor\" \/>\t\t\t\t\t\t\t\t\t\t\t\t\t\t\t<\/div>\n\t\t\t\t<\/div>\n\t\t\t\t\t<\/div>\n\t\t<\/div>\n\t\t\t\t\t<\/div>\n\t\t<\/section>\n\t\t\t\t<section class=\"elementor-section elementor-top-section elementor-element elementor-element-7d199ff elementor-section-stretched elementor-section-full_width elementor-section-height-min-height elementor-section-content-middle animated-slow elementor-section-height-default elementor-section-items-middle elementor-invisible\" data-id=\"7d199ff\" data-element_type=\"section\" data-e-type=\"section\" data-settings=\"{&quot;stretch_section&quot;:&quot;section-stretched&quot;,&quot;animation&quot;:&quot;fadeIn&quot;}\">\n\t\t\t\t\t\t<div class=\"elementor-container elementor-column-gap-no\">\n\t\t\t\t\t<div class=\"elementor-column elementor-col-100 elementor-top-column elementor-element elementor-element-217a0d3\" data-id=\"217a0d3\" data-element_type=\"column\" data-e-type=\"column\">\n\t\t\t<div class=\"elementor-widget-wrap elementor-element-populated\">\n\t\t\t\t\t\t<div class=\"elementor-element elementor-element-a650db1 elementor-widget elementor-widget-image\" data-id=\"a650db1\" data-element_type=\"widget\" data-e-type=\"widget\" data-widget_type=\"image.default\">\n\t\t\t\t<div class=\"elementor-widget-container\">\n\t\t\t\t\t\t\t\t\t\t\t\t\t\t\t<img decoding=\"async\" src=\"https:\/\/estila.org\/residencia\/wp-content\/uploads\/2013\/12\/santiago_compostela.jpg\" title=\"Con\u00f3cenos Residencia Universitaria en Santiago de Compostela y Colegio Mayor\" alt=\"\" loading=\"lazy\" \/>\t\t\t\t\t\t\t\t\t\t\t\t\t\t\t<\/div>\n\t\t\t\t<\/div>\n\t\t\t\t<div class=\"elementor-element elementor-element-4be540c elementor-widget elementor-widget-heading\" data-id=\"4be540c\" data-element_type=\"widget\" data-e-type=\"widget\" data-widget_type=\"heading.default\">\n\t\t\t\t<div class=\"elementor-widget-container\">\n\t\t\t\t\t<h2 class=\"elementor-heading-title elementor-size-default\">HISTORIA DEL COLEGIO MAYOR<\/h2>\t\t\t\t<\/div>\n\t\t\t\t<\/div>\n\t\t\t\t\t<\/div>\n\t\t<\/div>\n\t\t\t\t\t<\/div>\n\t\t<\/section>\n\t\t\t\t<section class=\"elementor-section elementor-top-section elementor-element elementor-element-f8f6c2e elementor-section-stretched elementor-section-height-min-height elementor-section-content-middle animated-slow elementor-section-boxed elementor-section-height-default elementor-section-items-middle elementor-invisible\" data-id=\"f8f6c2e\" data-element_type=\"section\" data-e-type=\"section\" data-settings=\"{&quot;stretch_section&quot;:&quot;section-stretched&quot;,&quot;animation&quot;:&quot;fadeIn&quot;}\">\n\t\t\t\t\t\t<div class=\"elementor-container elementor-column-gap-no\">\n\t\t\t\t\t<div class=\"elementor-column elementor-col-100 elementor-top-column elementor-element elementor-element-1841955\" data-id=\"1841955\" data-element_type=\"column\" data-e-type=\"column\">\n\t\t\t<div class=\"elementor-widget-wrap elementor-element-populated\">\n\t\t\t\t\t\t<div class=\"elementor-element elementor-element-a6c7542 elementor-widget elementor-widget-heading\" data-id=\"a6c7542\" data-element_type=\"widget\" data-e-type=\"widget\" data-widget_type=\"heading.default\">\n\t\t\t\t<div class=\"elementor-widget-container\">\n\t\t\t\t\t<h2 class=\"elementor-heading-title elementor-size-default\">En la Universidad de Santiago desde 1948<\/h2>\t\t\t\t<\/div>\n\t\t\t\t<\/div>\n\t\t\t\t<div class=\"elementor-element elementor-element-36c74c9 elementor-widget-divider--view-line elementor-widget elementor-widget-divider\" data-id=\"36c74c9\" data-element_type=\"widget\" data-e-type=\"widget\" data-widget_type=\"divider.default\">\n\t\t\t\t<div class=\"elementor-widget-container\">\n\t\t\t\t\t\t\t<div class=\"elementor-divider\">\n\t\t\t<span class=\"elementor-divider-separator\">\n\t\t\t\t\t\t<\/span>\n\t\t<\/div>\n\t\t\t\t\t\t<\/div>\n\t\t\t\t<\/div>\n\t\t\t\t\t<\/div>\n\t\t<\/div>\n\t\t\t\t\t<\/div>\n\t\t<\/section>\n\t\t\t\t<section class=\"elementor-section elementor-top-section elementor-element elementor-element-71a0f7c animated-slow elementor-section-boxed elementor-section-height-default elementor-section-height-default elementor-invisible\" data-id=\"71a0f7c\" data-element_type=\"section\" data-e-type=\"section\" data-settings=\"{&quot;animation&quot;:&quot;fadeIn&quot;}\">\n\t\t\t\t\t\t<div class=\"elementor-container elementor-column-gap-default\">\n\t\t\t\t\t<div class=\"elementor-column elementor-col-100 elementor-top-column elementor-element elementor-element-5f16ac0\" data-id=\"5f16ac0\" data-element_type=\"column\" data-e-type=\"column\">\n\t\t\t<div class=\"elementor-widget-wrap elementor-element-populated\">\n\t\t\t\t\t\t<section class=\"elementor-section elementor-inner-section elementor-element elementor-element-4008e64 elementor-section-boxed elementor-section-height-default elementor-section-height-default\" data-id=\"4008e64\" data-element_type=\"section\" data-e-type=\"section\">\n\t\t\t\t\t\t<div class=\"elementor-container elementor-column-gap-default\">\n\t\t\t\t\t<div class=\"elementor-column elementor-col-50 elementor-inner-column elementor-element elementor-element-57a3736\" data-id=\"57a3736\" data-element_type=\"column\" data-e-type=\"column\">\n\t\t\t<div class=\"elementor-widget-wrap elementor-element-populated\">\n\t\t\t\t\t\t<div class=\"elementor-element elementor-element-2e792aa elementor-widget elementor-widget-heading\" data-id=\"2e792aa\" data-element_type=\"widget\" data-e-type=\"widget\" data-widget_type=\"heading.default\">\n\t\t\t\t<div class=\"elementor-widget-container\">\n\t\t\t\t\t<h2 class=\"elementor-heading-title elementor-size-default\">INICIOS DE<br>LA ESTILA<\/h2>\t\t\t\t<\/div>\n\t\t\t\t<\/div>\n\t\t\t\t<div class=\"elementor-element elementor-element-ae7e5fd elementor-widget elementor-widget-text-editor\" data-id=\"ae7e5fd\" data-element_type=\"widget\" data-e-type=\"widget\" data-widget_type=\"text-editor.default\">\n\t\t\t\t<div class=\"elementor-widget-container\">\n\t\t\t\t\t\t\t\t\t<ul><li>El Colegio Mayor fue inaugurado en diciembre de 1948 por iniciativa del Fundador del<span style=\"color: #3366ff;\"><strong> <a style=\"color: #3366ff;\" href=\"https:\/\/opusdei.org\/es-es\/\" target=\"_blank\" rel=\"noopener\">Opus Dei<\/a>,<\/strong><\/span> San Josemar\u00eda Escriv\u00e1, para cubrir una necesidad en la Universidad de Santiago. D. Amadeo de Fuenmayor y D. Laureano L\u00f3pez Rod\u00f3 fueron los primeros impulsores de este Mayor. Su construcci\u00f3n y puesta en marcha fue posible con la generosa colaboraci\u00f3n de diversas personas de Galicia, entre ellos cabe destacar a D. Agust\u00edn N\u00fa\u00f1ez D\u00edaz.<\/li><\/ul><ul><li>La Estila es una obra corporativa de la Prelatura del Opus Dei. Estas obras corporativas nacieron con un esp\u00edritu y una finalidad que se refleja en las siguientes palabras de San Josemar\u00eda: \u201cLos rasgos que las caracterizan pueden resumirse as\u00ed: educaci\u00f3n en la libertad personal y en la responsabilidad tambi\u00e9n personal. Con libertad y responsabilidad se trabaja a gusto, se rinde, no hay necesidad de controles ni de vigilancia: porque todos se sienten en su casa y basta un simple horario. Luego, el esp\u00edritu de convivencia donde se forma la persona; all\u00ed aprende cada uno que, para poder exigir que respeten su libertad, debe saber respetar la libertad de los otros. Finalmente, el esp\u00edritu de humana fraternidad: los talentos propios han de ser puestos al servicio de los dem\u00e1s. Si no, de poco sirven\u201d. (Conversaciones, n\u00b0 84)<\/li><\/ul>\t\t\t\t\t\t\t\t<\/div>\n\t\t\t\t<\/div>\n\t\t\t\t\t<\/div>\n\t\t<\/div>\n\t\t\t\t<div class=\"elementor-column elementor-col-50 elementor-inner-column elementor-element elementor-element-30ac07b\" data-id=\"30ac07b\" data-element_type=\"column\" data-e-type=\"column\">\n\t\t\t<div class=\"elementor-widget-wrap elementor-element-populated\">\n\t\t\t\t\t\t<div class=\"elementor-element elementor-element-8d8b58c elementor-widget elementor-widget-heading\" data-id=\"8d8b58c\" data-element_type=\"widget\" data-e-type=\"widget\" data-widget_type=\"heading.default\">\n\t\t\t\t<div class=\"elementor-widget-container\">\n\t\t\t\t\t<h2 class=\"elementor-heading-title elementor-size-default\">C0MPROMETIDOS<br>CON LA UNIVERSIDAD<\/h2>\t\t\t\t<\/div>\n\t\t\t\t<\/div>\n\t\t\t\t<div class=\"elementor-element elementor-element-41c5d3b elementor-widget elementor-widget-text-editor\" data-id=\"41c5d3b\" data-element_type=\"widget\" data-e-type=\"widget\" data-widget_type=\"text-editor.default\">\n\t\t\t\t<div class=\"elementor-widget-container\">\n\t\t\t\t\t\t\t\t\t<ul><li>Desde sus comienzos el Colegio Mayor ha estado firmemente comprometido con Galicia y con el desarrollo de la Universidad de Santiago, de la que es Colegio Mayor Adscrito.<\/li><\/ul><ul><li>A lo largo de estos a\u00f1os han sido casi 3.000 los estudiantes universitarios que han vivido en el Mayor. La medicina, el derecho, la empresa, etc., han sido sus destinos, en los que se han convertido en profesionales de reconocido prestigio.<\/li><\/ul><ul><li>En definitiva, La Estila posee una larga trayectoria y una gran tradici\u00f3n universitaria. Lo que nos importa no es el reconocido prestigio que el Mayor goza, sino la confianza que depositan en nosotros las familias.<\/li><\/ul>\t\t\t\t\t\t\t\t<\/div>\n\t\t\t\t<\/div>\n\t\t\t\t\t<\/div>\n\t\t<\/div>\n\t\t\t\t\t<\/div>\n\t\t<\/section>\n\t\t\t\t\t<\/div>\n\t\t<\/div>\n\t\t\t\t\t<\/div>\n\t\t<\/section>\n\t\t\t\t<section class=\"elementor-section elementor-top-section elementor-element elementor-element-502f3f6 elementor-section-stretched elementor-section-full_width elementor-section-height-min-height elementor-section-content-middle animated-slow elementor-section-height-default elementor-section-items-middle elementor-invisible\" data-id=\"502f3f6\" data-element_type=\"section\" data-e-type=\"section\" data-settings=\"{&quot;stretch_section&quot;:&quot;section-stretched&quot;,&quot;animation&quot;:&quot;fadeIn&quot;}\">\n\t\t\t\t\t\t<div class=\"elementor-container elementor-column-gap-no\">\n\t\t\t\t\t<div class=\"elementor-column elementor-col-100 elementor-top-column elementor-element elementor-element-a8ff3db\" data-id=\"a8ff3db\" data-element_type=\"column\" data-e-type=\"column\">\n\t\t\t<div class=\"elementor-widget-wrap elementor-element-populated\">\n\t\t\t\t\t\t<div class=\"elementor-element elementor-element-90f24e3 elementor-widget elementor-widget-image\" data-id=\"90f24e3\" data-element_type=\"widget\" data-e-type=\"widget\" data-widget_type=\"image.default\">\n\t\t\t\t<div class=\"elementor-widget-container\">\n\t\t\t\t\t\t\t\t\t\t\t\t\t\t\t<img decoding=\"async\" width=\"300\" height=\"80\" src=\"https:\/\/estila.org\/residencia\/wp-content\/uploads\/2019\/03\/LOGONAVAZUL-300x80.png\" class=\"attachment-medium size-medium wp-image-3766\" alt=\"\" srcset=\"https:\/\/estila.org\/residencia\/wp-content\/uploads\/2019\/03\/LOGONAVAZUL-300x80.png 300w, https:\/\/estila.org\/residencia\/wp-content\/uploads\/2019\/03\/LOGONAVAZUL.png 327w\" sizes=\"(max-width: 300px) 100vw, 300px\" title=\"Con\u00f3cenos Residencia Universitaria en Santiago de Compostela y Colegio Mayor\" \/>\t\t\t\t\t\t\t\t\t\t\t\t\t\t\t<\/div>\n\t\t\t\t<\/div>\n\t\t\t\t<div class=\"elementor-element elementor-element-e32ce7e elementor-widget elementor-widget-heading\" data-id=\"e32ce7e\" data-element_type=\"widget\" data-e-type=\"widget\" data-widget_type=\"heading.default\">\n\t\t\t\t<div class=\"elementor-widget-container\">\n\t\t\t\t\t<h2 class=\"elementor-heading-title elementor-size-default\">\u00d3RGANOS DE GOBIERNO<\/h2>\t\t\t\t<\/div>\n\t\t\t\t<\/div>\n\t\t\t\t\t<\/div>\n\t\t<\/div>\n\t\t\t\t\t<\/div>\n\t\t<\/section>\n\t\t\t\t<section class=\"elementor-section elementor-top-section elementor-element elementor-element-d3edb34 elementor-section-stretched elementor-section-height-min-height elementor-section-content-middle animated-slow elementor-section-boxed elementor-section-height-default elementor-section-items-middle elementor-invisible\" data-id=\"d3edb34\" data-element_type=\"section\" data-e-type=\"section\" data-settings=\"{&quot;stretch_section&quot;:&quot;section-stretched&quot;,&quot;animation&quot;:&quot;fadeIn&quot;}\">\n\t\t\t\t\t\t<div class=\"elementor-container elementor-column-gap-no\">\n\t\t\t\t\t<div class=\"elementor-column elementor-col-100 elementor-top-column elementor-element elementor-element-4aa935c\" data-id=\"4aa935c\" data-element_type=\"column\" data-e-type=\"column\">\n\t\t\t<div class=\"elementor-widget-wrap elementor-element-populated\">\n\t\t\t\t\t\t<div class=\"elementor-element elementor-element-a0d9578 elementor-widget-divider--view-line elementor-widget elementor-widget-divider\" data-id=\"a0d9578\" data-element_type=\"widget\" data-e-type=\"widget\" data-widget_type=\"divider.default\">\n\t\t\t\t<div class=\"elementor-widget-container\">\n\t\t\t\t\t\t\t<div class=\"elementor-divider\">\n\t\t\t<span class=\"elementor-divider-separator\">\n\t\t\t\t\t\t<\/span>\n\t\t<\/div>\n\t\t\t\t\t\t<\/div>\n\t\t\t\t<\/div>\n\t\t\t\t\t<\/div>\n\t\t<\/div>\n\t\t\t\t\t<\/div>\n\t\t<\/section>\n\t\t\t\t<section class=\"elementor-section elementor-top-section elementor-element elementor-element-5bfa2b1 animated-slow elementor-section-boxed elementor-section-height-default elementor-section-height-default elementor-invisible\" data-id=\"5bfa2b1\" data-element_type=\"section\" data-e-type=\"section\" data-settings=\"{&quot;animation&quot;:&quot;fadeIn&quot;}\">\n\t\t\t\t\t\t<div class=\"elementor-container elementor-column-gap-default\">\n\t\t\t\t\t<div class=\"elementor-column elementor-col-25 elementor-top-column elementor-element elementor-element-ebd3446\" data-id=\"ebd3446\" data-element_type=\"column\" data-e-type=\"column\">\n\t\t\t<div class=\"elementor-widget-wrap elementor-element-populated\">\n\t\t\t\t\t\t<div class=\"elementor-element elementor-element-05942d1 elementor-widget elementor-widget-heading\" data-id=\"05942d1\" data-element_type=\"widget\" data-e-type=\"widget\" data-widget_type=\"heading.default\">\n\t\t\t\t<div class=\"elementor-widget-container\">\n\t\t\t\t\t<h2 class=\"elementor-heading-title elementor-size-default\">PATRONATO<div>DE GOBIERNO<\/div><\/h2>\t\t\t\t<\/div>\n\t\t\t\t<\/div>\n\t\t\t\t<div class=\"elementor-element elementor-element-236b50f elementor-widget elementor-widget-text-editor\" data-id=\"236b50f\" data-element_type=\"widget\" data-e-type=\"widget\" data-widget_type=\"text-editor.default\">\n\t\t\t\t<div class=\"elementor-widget-container\">\n\t\t\t\t\t\t\t\t\t<div><div><div><div><i><span style=\"font-weight: bold; font-style: normal;\">Presidente:<\/span><\/i><span style=\"font-family: var( --e-global-typography-text-font-family ), Sans-serif;\">\u00a0<\/span><i><span style=\"font-style: normal;\"><br \/><\/span><\/i><\/div><\/div><div>Prof. Dr. D. Antonio Carlos Pereira Menaut.<br \/><span style=\"font-style: italic;\">Catedr\u00e1tico de Derecho Constitucional de la USC<\/span><\/div><div>\u00a0<\/div><\/div><div><i><span style=\"font-weight: bold; font-style: normal;\">Vicepresidente:<\/span><\/i><span style=\"font-family: var( --e-global-typography-text-font-family ), Sans-serif;\">\u00a0<\/span><i><span style=\"font-style: normal;\"><br \/><\/span><\/i><\/div><\/div><div>D. Luis Trincado Boville.<br \/><span style=\"font-style: italic;\">Economista.<\/span><\/div><div>\u00a0<\/div><div><strong>Secretario:<\/strong><br \/>D. Juan Vicente Boo.<br \/><i>Periodista.<\/i><\/div><div>\u00a0<\/div><div><div><div><strong>Vocal:<\/strong><\/div><div>D. Gerardo G\u00e1ndara Moure.<br \/><i>Abogado.<\/i><\/div><div>\u00a0<span style=\"font-family: var( --e-global-typography-text-font-family ), Sans-serif;\">\u00a0<\/span><\/div><\/div><div>\u00a0<\/div><\/div>\t\t\t\t\t\t\t\t<\/div>\n\t\t\t\t<\/div>\n\t\t\t\t\t<\/div>\n\t\t<\/div>\n\t\t\t\t<div class=\"elementor-column elementor-col-25 elementor-top-column elementor-element elementor-element-b3def98\" data-id=\"b3def98\" data-element_type=\"column\" data-e-type=\"column\">\n\t\t\t<div class=\"elementor-widget-wrap elementor-element-populated\">\n\t\t\t\t\t\t<div class=\"elementor-element elementor-element-c85b4fe elementor-widget elementor-widget-heading\" data-id=\"c85b4fe\" data-element_type=\"widget\" data-e-type=\"widget\" data-widget_type=\"heading.default\">\n\t\t\t\t<div class=\"elementor-widget-container\">\n\t\t\t\t\t<h2 class=\"elementor-heading-title elementor-size-default\">DIRECCI\u00d3N<br>DEL MAYOR<\/h2>\t\t\t\t<\/div>\n\t\t\t\t<\/div>\n\t\t\t\t<div class=\"elementor-element elementor-element-6c331a7 elementor-widget elementor-widget-text-editor\" data-id=\"6c331a7\" data-element_type=\"widget\" data-e-type=\"widget\" data-widget_type=\"text-editor.default\">\n\t\t\t\t<div class=\"elementor-widget-container\">\n\t\t\t\t\t\t\t\t\t<div><div><div><strong>Director:<\/strong><br \/>Miguel Jim\u00e9nez de los Galanes.<br \/><i>Licenciado en Derecho<\/i><\/div><div><i>\u00a0<\/i><\/div><\/div><\/div><div><div><strong>Subdirector:<\/strong><br \/>David Ruiz Garcia.<br \/><i>Artesano<\/i><\/div><div><span style=\"font-family: var( --e-global-typography-text-font-family ), Sans-serif;\">\u00a0<\/span><\/div><\/div><div><div><strong>Secretario:<\/strong><br \/>\u00c1lvaro Fern\u00e1ndez de Mesa.<br \/><div><i>Graduado en Filolog\u00eda Hisp\u00e1nica<\/i><\/div><\/div><div><i>\u00a0<\/i><\/div><div><strong>Adjuntos a Direcci\u00f3n:<\/strong><br \/>Fran Gonz\u00e1lez Varela.<\/div><\/div><div><div><div><i>Ingeniero Industrial<\/i><\/div><div>\u00a0<\/div><\/div><div><div>Juan Vicente Boo.<br \/><i>Periodista y escritor<\/i><\/div><\/div><\/div><div>\u00a0<\/div><div>Antonio Rodriguez Mateos.<br \/><div><i>Licenciado en Biolog\u00eda<\/i><\/div><\/div><div><div><div><div><div>\u00a0<\/div><\/div><\/div><\/div><div><div><div style=\"font-style: normal;\"><div><div><span style=\"font-weight: bold;\">Gerente:<\/span><br \/>Jos\u00e9 Antonio Constenla Ramos.<\/div><\/div><\/div><div style=\"font-style: normal;\"><div><div><span style=\"font-style: italic;\">Licenciado en Derecho.<\/span><\/div><\/div><\/div><\/div><\/div><\/div>\t\t\t\t\t\t\t\t<\/div>\n\t\t\t\t<\/div>\n\t\t\t\t\t<\/div>\n\t\t<\/div>\n\t\t\t\t<div class=\"elementor-column elementor-col-25 elementor-top-column elementor-element elementor-element-6c5d17d\" data-id=\"6c5d17d\" data-element_type=\"column\" data-e-type=\"column\">\n\t\t\t<div class=\"elementor-widget-wrap elementor-element-populated\">\n\t\t\t\t\t\t<div class=\"elementor-element elementor-element-7f9b2d6 elementor-widget elementor-widget-heading\" data-id=\"7f9b2d6\" data-element_type=\"widget\" data-e-type=\"widget\" data-widget_type=\"heading.default\">\n\t\t\t\t<div class=\"elementor-widget-container\">\n\t\t\t\t\t<h2 class=\"elementor-heading-title elementor-size-default\">DECANATO<div>COLEGIAL<\/div><\/h2>\t\t\t\t<\/div>\n\t\t\t\t<\/div>\n\t\t\t\t<div class=\"elementor-element elementor-element-fd66050 elementor-widget__width-initial elementor-widget elementor-widget-text-editor\" data-id=\"fd66050\" data-element_type=\"widget\" data-e-type=\"widget\" data-widget_type=\"text-editor.default\">\n\t\t\t\t<div class=\"elementor-widget-container\">\n\t\t\t\t\t\t\t\t\t<p><b>Decano:<\/b><br \/>Nicol\u00e1s Guira\u00fam Garrido.<br \/>Estudiante de\u00a0Medicina<\/p><p><b>Vicedecano:<\/b><br \/>Nicol\u00e1s Silva Garc\u00eda.<br \/>Estudiante de\u00a0Periodismo<\/p><p><b>Secretario:<\/b><br \/>Jos\u00e9 Mar\u00eda Olmo Cotelo.<br \/>Estudiante de Medicina<\/p>\t\t\t\t\t\t\t\t<\/div>\n\t\t\t\t<\/div>\n\t\t\t\t\t<\/div>\n\t\t<\/div>\n\t\t\t\t<div class=\"elementor-column elementor-col-25 elementor-top-column elementor-element elementor-element-5ca6b58\" data-id=\"5ca6b58\" data-element_type=\"column\" data-e-type=\"column\">\n\t\t\t<div class=\"elementor-widget-wrap elementor-element-populated\">\n\t\t\t\t\t\t<div class=\"elementor-element elementor-element-5568acb elementor-widget elementor-widget-heading\" data-id=\"5568acb\" data-element_type=\"widget\" data-e-type=\"widget\" data-widget_type=\"heading.default\">\n\t\t\t\t<div class=\"elementor-widget-container\">\n\t\t\t\t\t<h2 class=\"elementor-heading-title elementor-size-default\">CONSEJO DE BECARIOS<\/h2>\t\t\t\t<\/div>\n\t\t\t\t<\/div>\n\t\t\t\t<div class=\"elementor-element elementor-element-b90e6bb elementor-widget elementor-widget-text-editor\" data-id=\"b90e6bb\" data-element_type=\"widget\" data-e-type=\"widget\" data-widget_type=\"text-editor.default\">\n\t\t\t\t<div class=\"elementor-widget-container\">\n\t\t\t\t\t\t\t\t\t<p>Estudiantes que cursan su tercer a\u00f1o o m\u00e1s en el Colegio Mayor:<\/p><p>Lucas Albaladejo Reino.<br \/>Estudiante de Econ\u00f3micas<\/p><p>Nu\u00f1o Cabellos Bernal.<br \/>Estudiante de Medicina<\/p><p>\u00d3scar Espinosa Vega.<br \/>Estudiante de\u00a0Odontolog\u00eda<\/p><p>Adri\u00e1n Garc\u00eda Rico.<br \/>Estudiante de\u00a0Matem\u00e1ticas<\/p><p>Nicol\u00e1s Guira\u00fam Garrido.<br \/>Estudiante de\u00a0Medicina<\/p><p>Borja Mart\u00edn Casal.<br \/>Estudiante de Medicina<\/p><p>Jos\u00e9 Mar\u00eda Olmo Coleto.<br \/>Estudiante de\u00a0Medicina<\/p><p>Isaac del Rosario Valer\u00f3n.<br \/>Estudiante de Medicina<\/p><p>Nicol\u00e1s Silva Garc\u00eda.<br \/>Estudiante de Periodismo<\/p><p>Pablo Torres Gonz\u00e1lez.<br \/>Estudiante de Farmacia<\/p>\t\t\t\t\t\t\t\t<\/div>\n\t\t\t\t<\/div>\n\t\t\t\t\t<\/div>\n\t\t<\/div>\n\t\t\t\t\t<\/div>\n\t\t<\/section>\n\t\t\t\t<\/div>\n\t\t","protected":false},"excerpt":{"rendered":"<p>CON\u00d3CENOS LO MEJOR&#8230; LAS PERSONAS COLEGIO MAYORLA ESTILA Ambiente de estudio, trabajo y compa\u00f1erismo que facilita la integraci\u00f3n en la vida universitaria. https:\/\/youtu.be\/DO58F_TK3Gk LO MEJORLAS PERSONAS Lo m\u00e1s importante de La Estila son las personas y el ambiente familiar\u00a0que se genera entre ellas. https:\/\/youtu.be\/g-i4Be-fSeY CONVIVIR EN UNCOLEGIO MAYOR Y es que un Colegio Mayor, m\u00e1s &#8230; <\/p>\n<p class=\"read-more-container\"><a title=\"Con\u00f3cenos\" class=\"read-more button\" href=\"https:\/\/estila.org\/residencia\/conocenos-2\/#more-3458\" aria-label=\"Leer m\u00e1s sobre Con\u00f3cenos\">Leer m\u00e1s<\/a><\/p>\n","protected":false},"author":7,"featured_media":0,"parent":0,"menu_order":0,"comment_status":"closed","ping_status":"closed","template":"elementor_header_footer","meta":{"footnotes":""},"class_list":{"0":"post-3458","1":"page","2":"type-page","3":"status-publish","5":"infinite-scroll-item"},"aioseo_notices":[],"_links":{"self":[{"href":"https:\/\/estila.org\/residencia\/wp-json\/wp\/v2\/pages\/3458","targetHints":{"allow":["GET"]}}],"collection":[{"href":"https:\/\/estila.org\/residencia\/wp-json\/wp\/v2\/pages"}],"about":[{"href":"https:\/\/estila.org\/residencia\/wp-json\/wp\/v2\/types\/page"}],"author":[{"embeddable":true,"href":"https:\/\/estila.org\/residencia\/wp-json\/wp\/v2\/users\/7"}],"replies":[{"embeddable":true,"href":"https:\/\/estila.org\/residencia\/wp-json\/wp\/v2\/comments?post=3458"}],"version-history":[{"count":135,"href":"https:\/\/estila.org\/residencia\/wp-json\/wp\/v2\/pages\/3458\/revisions"}],"predecessor-version":[{"id":7443,"href":"https:\/\/estila.org\/residencia\/wp-json\/wp\/v2\/pages\/3458\/revisions\/7443"}],"wp:attachment":[{"href":"https:\/\/estila.org\/residencia\/wp-json\/wp\/v2\/media?parent=3458"}],"curies":[{"name":"wp","href":"https:\/\/api.w.org\/{rel}","templated":true}]}}