{"id":1944,"date":"2014-01-31T17:17:54","date_gmt":"2014-01-31T17:17:54","guid":{"rendered":"https:\/\/estila.org\/residencia\/?page_id=1944"},"modified":"2024-10-22T13:41:38","modified_gmt":"2024-10-22T13:41:38","slug":"festivas","status":"publish","type":"page","link":"https:\/\/estila.org\/residencia\/festivas\/","title":{"rendered":"Festivas"},"content":{"rendered":"\t\t<div data-elementor-type=\"wp-post\" data-elementor-id=\"1944\" class=\"elementor elementor-1944\" data-elementor-post-type=\"page\">\n\t\t\t\t\t\t<section class=\"elementor-section elementor-top-section elementor-element elementor-element-78c4be3 elementor-section-stretched elementor-section-full_width elementor-section-height-min-height elementor-section-height-default elementor-section-items-middle\" data-id=\"78c4be3\" data-element_type=\"section\" data-e-type=\"section\" data-settings=\"{&quot;stretch_section&quot;:&quot;section-stretched&quot;,&quot;background_background&quot;:&quot;classic&quot;}\">\n\t\t\t\t\t\t<div class=\"elementor-container elementor-column-gap-no\">\n\t\t\t\t\t<div class=\"elementor-column elementor-col-100 elementor-top-column elementor-element elementor-element-268c9a2\" data-id=\"268c9a2\" data-element_type=\"column\" data-e-type=\"column\">\n\t\t\t<div class=\"elementor-widget-wrap\">\n\t\t\t\t\t\t\t<\/div>\n\t\t<\/div>\n\t\t\t\t\t<\/div>\n\t\t<\/section>\n\t\t\t\t<section class=\"elementor-section elementor-top-section elementor-element elementor-element-c6f2c50 elementor-section-stretched elementor-section-full_width elementor-section-height-min-height elementor-section-content-middle animated-slow elementor-section-height-default elementor-section-items-middle elementor-invisible\" data-id=\"c6f2c50\" data-element_type=\"section\" data-e-type=\"section\" data-settings=\"{&quot;stretch_section&quot;:&quot;section-stretched&quot;,&quot;background_background&quot;:&quot;classic&quot;,&quot;animation&quot;:&quot;fadeIn&quot;}\">\n\t\t\t\t\t\t<div class=\"elementor-container elementor-column-gap-no\">\n\t\t\t\t\t<div class=\"elementor-column elementor-col-100 elementor-top-column elementor-element elementor-element-e1fba46\" data-id=\"e1fba46\" data-element_type=\"column\" data-e-type=\"column\">\n\t\t\t<div class=\"elementor-widget-wrap elementor-element-populated\">\n\t\t\t\t\t\t<div class=\"elementor-element elementor-element-6d6715f elementor-widget elementor-widget-heading\" data-id=\"6d6715f\" data-element_type=\"widget\" data-e-type=\"widget\" data-widget_type=\"heading.default\">\n\t\t\t\t<div class=\"elementor-widget-container\">\n\t\t\t\t\t<h2 class=\"elementor-heading-title elementor-size-default\">FIESTAS COLEGIALES<\/h2>\t\t\t\t<\/div>\n\t\t\t\t<\/div>\n\t\t\t\t\t<\/div>\n\t\t<\/div>\n\t\t\t\t\t<\/div>\n\t\t<\/section>\n\t\t\t\t<section class=\"elementor-section elementor-top-section elementor-element elementor-element-83e4ef2 elementor-section-stretched elementor-section-height-min-height elementor-section-content-middle elementor-section-boxed elementor-section-height-default elementor-section-items-middle\" data-id=\"83e4ef2\" data-element_type=\"section\" data-e-type=\"section\" data-settings=\"{&quot;stretch_section&quot;:&quot;section-stretched&quot;,&quot;background_background&quot;:&quot;classic&quot;}\">\n\t\t\t\t\t\t<div class=\"elementor-container elementor-column-gap-no\">\n\t\t\t\t\t<div class=\"elementor-column elementor-col-100 elementor-top-column elementor-element elementor-element-04d8a53\" data-id=\"04d8a53\" data-element_type=\"column\" data-e-type=\"column\">\n\t\t\t<div class=\"elementor-widget-wrap elementor-element-populated\">\n\t\t\t\t\t\t<div class=\"elementor-element elementor-element-f0e6f76 elementor-widget-divider--view-line elementor-widget elementor-widget-divider\" data-id=\"f0e6f76\" data-element_type=\"widget\" data-e-type=\"widget\" data-widget_type=\"divider.default\">\n\t\t\t\t<div class=\"elementor-widget-container\">\n\t\t\t\t\t\t\t<div class=\"elementor-divider\">\n\t\t\t<span class=\"elementor-divider-separator\">\n\t\t\t\t\t\t<\/span>\n\t\t<\/div>\n\t\t\t\t\t\t<\/div>\n\t\t\t\t<\/div>\n\t\t\t\t\t<\/div>\n\t\t<\/div>\n\t\t\t\t\t<\/div>\n\t\t<\/section>\n\t\t\t\t<section class=\"elementor-section elementor-top-section elementor-element elementor-element-85b1e6c animated-slow elementor-section-boxed elementor-section-height-default elementor-section-height-default elementor-invisible\" data-id=\"85b1e6c\" data-element_type=\"section\" data-e-type=\"section\" data-settings=\"{&quot;background_background&quot;:&quot;classic&quot;,&quot;animation&quot;:&quot;fadeIn&quot;}\">\n\t\t\t\t\t\t<div class=\"elementor-container elementor-column-gap-default\">\n\t\t\t\t\t<div class=\"elementor-column elementor-col-25 elementor-top-column elementor-element elementor-element-7cec821\" data-id=\"7cec821\" data-element_type=\"column\" data-e-type=\"column\">\n\t\t\t<div class=\"elementor-widget-wrap elementor-element-populated\">\n\t\t\t\t\t\t<div class=\"elementor-element elementor-element-6e41622 elementor-widget elementor-widget-image\" data-id=\"6e41622\" data-element_type=\"widget\" data-e-type=\"widget\" data-widget_type=\"image.default\">\n\t\t\t\t<div class=\"elementor-widget-container\">\n\t\t\t\t\t\t\t\t\t\t\t\t\t\t\t\t<a href=\"https:\/\/estila.org\/residencia\/wp-content\/uploads\/2013\/11\/IMG_6907.jpg\" data-elementor-open-lightbox=\"yes\" data-e-action-hash=\"#elementor-action%3Aaction%3Dlightbox%26settings%3DeyJpZCI6MzI4OCwidXJsIjpmYWxzZX0%3D\">\n\t\t\t\t\t\t\t<img decoding=\"async\" src=\"https:\/\/estila.org\/residencia\/wp-content\/uploads\/2013\/11\/IMG_6907.jpg\" title=\"Festivas Residencia Universitaria en Santiago de Compostela y Colegio Mayor\" alt=\"\" loading=\"lazy\" \/>\t\t\t\t\t\t\t\t<\/a>\n\t\t\t\t\t\t\t\t\t\t\t\t\t\t\t<\/div>\n\t\t\t\t<\/div>\n\t\t\t\t<div class=\"elementor-element elementor-element-e10f164 elementor-widget elementor-widget-heading\" data-id=\"e10f164\" data-element_type=\"widget\" data-e-type=\"widget\" data-widget_type=\"heading.default\">\n\t\t\t\t<div class=\"elementor-widget-container\">\n\t\t\t\t\t<h2 class=\"elementor-heading-title elementor-size-default\">Olimpiadas inicio de curso<\/h2>\t\t\t\t<\/div>\n\t\t\t\t<\/div>\n\t\t\t\t<div class=\"elementor-element elementor-element-89be098 elementor-widget elementor-widget-text-editor\" data-id=\"89be098\" data-element_type=\"widget\" data-e-type=\"widget\" data-widget_type=\"text-editor.default\">\n\t\t\t\t<div class=\"elementor-widget-container\">\n\t\t\t\t\t\t\t\t\t<p>La Olimpiada la realizamos a principio de curso. Los colegiales participan por equipos y las pruebas con de lo m\u00e1s variadas: el pa\u00f1uelo, carreras de relevos, baloncesto, f\u00fatbol\u2026<\/p>\t\t\t\t\t\t\t\t<\/div>\n\t\t\t\t<\/div>\n\t\t\t\t\t<\/div>\n\t\t<\/div>\n\t\t\t\t<div class=\"elementor-column elementor-col-25 elementor-top-column elementor-element elementor-element-6b97fd8\" data-id=\"6b97fd8\" data-element_type=\"column\" data-e-type=\"column\">\n\t\t\t<div class=\"elementor-widget-wrap elementor-element-populated\">\n\t\t\t\t\t\t<div class=\"elementor-element elementor-element-81e9aed elementor-widget elementor-widget-image\" data-id=\"81e9aed\" data-element_type=\"widget\" data-e-type=\"widget\" data-widget_type=\"image.default\">\n\t\t\t\t<div class=\"elementor-widget-container\">\n\t\t\t\t\t\t\t\t\t\t\t\t\t\t\t\t<a href=\"https:\/\/estila.org\/residencia\/wp-content\/uploads\/2019\/03\/PLAYA.jpg\" data-elementor-open-lightbox=\"yes\" data-elementor-lightbox-title=\"PLAYA\" data-e-action-hash=\"#elementor-action%3Aaction%3Dlightbox%26settings%3DeyJpZCI6NDE1OSwidXJsIjoiaHR0cHM6XC9cL2VzdGlsYS5vcmdcL3Jlc2lkZW5jaWFcL3dwLWNvbnRlbnRcL3VwbG9hZHNcLzIwMTlcLzAzXC9QTEFZQS5qcGcifQ%3D%3D\">\n\t\t\t\t\t\t\t<img decoding=\"async\" src=\"https:\/\/estila.org\/residencia\/wp-content\/uploads\/elementor\/thumbs\/PLAYA-o5d84tipzrxkvkkvnodoqa6wnc81qnjo61ojo0764w.jpg\" title=\"Festivas Residencia Universitaria en Santiago de Compostela y Colegio Mayor\" alt=\"PLAYA\" loading=\"lazy\" \/>\t\t\t\t\t\t\t\t<\/a>\n\t\t\t\t\t\t\t\t\t\t\t\t\t\t\t<\/div>\n\t\t\t\t<\/div>\n\t\t\t\t<div class=\"elementor-element elementor-element-e18f596 elementor-widget elementor-widget-heading\" data-id=\"e18f596\" data-element_type=\"widget\" data-e-type=\"widget\" data-widget_type=\"heading.default\">\n\t\t\t\t<div class=\"elementor-widget-container\">\n\t\t\t\t\t<h2 class=\"elementor-heading-title elementor-size-default\">Convivencia inicio de curso<\/h2>\t\t\t\t<\/div>\n\t\t\t\t<\/div>\n\t\t\t\t<div class=\"elementor-element elementor-element-0603836 elementor-widget elementor-widget-text-editor\" data-id=\"0603836\" data-element_type=\"widget\" data-e-type=\"widget\" data-widget_type=\"text-editor.default\">\n\t\t\t\t<div class=\"elementor-widget-container\">\n\t\t\t\t\t\t\t\t\t<p>Para comenzar el curso vamos a una casa rural para hacer deporte, salidas, etc. Es un buen momento para conocerse y empezar a labrar grandes amistades.<\/p>\t\t\t\t\t\t\t\t<\/div>\n\t\t\t\t<\/div>\n\t\t\t\t\t<\/div>\n\t\t<\/div>\n\t\t\t\t<div class=\"elementor-column elementor-col-25 elementor-top-column elementor-element elementor-element-105fa0a\" data-id=\"105fa0a\" data-element_type=\"column\" data-e-type=\"column\">\n\t\t\t<div class=\"elementor-widget-wrap elementor-element-populated\">\n\t\t\t\t\t\t<div class=\"elementor-element elementor-element-4285631 elementor-widget elementor-widget-image\" data-id=\"4285631\" data-element_type=\"widget\" data-e-type=\"widget\" data-widget_type=\"image.default\">\n\t\t\t\t<div class=\"elementor-widget-container\">\n\t\t\t\t\t\t\t\t\t\t\t\t\t\t\t\t<a href=\"https:\/\/estila.org\/residencia\/wp-content\/uploads\/2019\/03\/CiUpKUoXIAAoSBO.jpg\" data-elementor-open-lightbox=\"yes\" data-elementor-lightbox-title=\"CiUpKUoXIAAoSBO\" data-e-action-hash=\"#elementor-action%3Aaction%3Dlightbox%26settings%3DeyJpZCI6NDI0MSwidXJsIjoiaHR0cHM6XC9cL2VzdGlsYS5vcmdcL3Jlc2lkZW5jaWFcL3dwLWNvbnRlbnRcL3VwbG9hZHNcLzIwMTlcLzAzXC9DaVVwS1VvWElBQW9TQk8uanBnIn0%3D\">\n\t\t\t\t\t\t\t<img decoding=\"async\" src=\"https:\/\/estila.org\/residencia\/wp-content\/uploads\/elementor\/thumbs\/CiUpKUoXIAAoSBO-o5evly3ttuz3aqh0z6vyfz6a0mvndzo97n5u2pj0ls.jpg\" title=\"Festivas Residencia Universitaria en Santiago de Compostela y Colegio Mayor\" alt=\"CiUpKUoXIAAoSBO\" loading=\"lazy\" \/>\t\t\t\t\t\t\t\t<\/a>\n\t\t\t\t\t\t\t\t\t\t\t\t\t\t\t<\/div>\n\t\t\t\t<\/div>\n\t\t\t\t<div class=\"elementor-element elementor-element-8ecb4c9 elementor-widget elementor-widget-heading\" data-id=\"8ecb4c9\" data-element_type=\"widget\" data-e-type=\"widget\" data-widget_type=\"heading.default\">\n\t\t\t\t<div class=\"elementor-widget-container\">\n\t\t\t\t\t<h2 class=\"elementor-heading-title elementor-size-default\">Semana<br>tem\u00e1tica<\/h2>\t\t\t\t<\/div>\n\t\t\t\t<\/div>\n\t\t\t\t<div class=\"elementor-element elementor-element-a7ba1d4 elementor-widget elementor-widget-text-editor\" data-id=\"a7ba1d4\" data-element_type=\"widget\" data-e-type=\"widget\" data-widget_type=\"text-editor.default\">\n\t\t\t\t<div class=\"elementor-widget-container\">\n\t\t\t\t\t\t\t\t\t<p>En noviembre, dedicamos una semana a alg\u00fan tema que guste a los residentes. Star Wars, superh\u00e9roes, Se\u00f1or de los anillos\u2026 Incluye un ciclo de pel\u00edculas sobre el tema, una cena especial, algunas tertulias de expertos en la materia\u2026<\/p>\t\t\t\t\t\t\t\t<\/div>\n\t\t\t\t<\/div>\n\t\t\t\t\t<\/div>\n\t\t<\/div>\n\t\t\t\t<div class=\"elementor-column elementor-col-25 elementor-top-column elementor-element elementor-element-c823fa2\" data-id=\"c823fa2\" data-element_type=\"column\" data-e-type=\"column\">\n\t\t\t<div class=\"elementor-widget-wrap elementor-element-populated\">\n\t\t\t\t\t\t<div class=\"elementor-element elementor-element-76d43e7 elementor-widget elementor-widget-image\" data-id=\"76d43e7\" data-element_type=\"widget\" data-e-type=\"widget\" data-widget_type=\"image.default\">\n\t\t\t\t<div class=\"elementor-widget-container\">\n\t\t\t\t\t\t\t\t\t\t\t\t\t\t\t\t<a href=\"https:\/\/estila.org\/residencia\/wp-content\/uploads\/2024\/07\/Imagen-5.jpg\" data-elementor-open-lightbox=\"yes\" data-elementor-lightbox-title=\"Imagen 5\" data-e-action-hash=\"#elementor-action%3Aaction%3Dlightbox%26settings%3DeyJpZCI6NjI5MSwidXJsIjoiaHR0cHM6XC9cL2VzdGlsYS5vcmdcL3Jlc2lkZW5jaWFcL3dwLWNvbnRlbnRcL3VwbG9hZHNcLzIwMjRcLzA3XC9JbWFnZW4tNS5qcGcifQ%3D%3D\">\n\t\t\t\t\t\t\t<img decoding=\"async\" src=\"https:\/\/estila.org\/residencia\/wp-content\/uploads\/elementor\/thumbs\/Imagen-5-qrejwa2t2p4u2lbbrbd1ackm2dlgptre1z8vbf0cls.jpg\" title=\"Festivas Residencia Universitaria en Santiago de Compostela y Colegio Mayor\" alt=\"Imagen 5\" loading=\"lazy\" \/>\t\t\t\t\t\t\t\t<\/a>\n\t\t\t\t\t\t\t\t\t\t\t\t\t\t\t<\/div>\n\t\t\t\t<\/div>\n\t\t\t\t<div class=\"elementor-element elementor-element-72b94e7 elementor-widget elementor-widget-heading\" data-id=\"72b94e7\" data-element_type=\"widget\" data-e-type=\"widget\" data-widget_type=\"heading.default\">\n\t\t\t\t<div class=\"elementor-widget-container\">\n\t\t\t\t\t<h2 class=\"elementor-heading-title elementor-size-default\">Fiesta<br>de Navidad<\/h2>\t\t\t\t<\/div>\n\t\t\t\t<\/div>\n\t\t\t\t<div class=\"elementor-element elementor-element-0367b83 elementor-widget elementor-widget-text-editor\" data-id=\"0367b83\" data-element_type=\"widget\" data-e-type=\"widget\" data-widget_type=\"text-editor.default\">\n\t\t\t\t<div class=\"elementor-widget-container\">\n\t\t\t\t\t\t\t\t\t<p>Se celebra unas semanas antes de las vacaciones de Navidad y consiste en una cena de gala y un concurso de villancicos por grupos. Tienen que preparar un villancico tradicional y otro con la letra alusiva a momentos del Colegio Mayor. \u00a1Es muy divertido!<\/p>\t\t\t\t\t\t\t\t<\/div>\n\t\t\t\t<\/div>\n\t\t\t\t\t<\/div>\n\t\t<\/div>\n\t\t\t\t\t<\/div>\n\t\t<\/section>\n\t\t\t\t<section class=\"elementor-section elementor-top-section elementor-element elementor-element-afc7cbc elementor-section-stretched elementor-section-full_width elementor-section-height-min-height elementor-section-height-default elementor-section-items-middle\" data-id=\"afc7cbc\" data-element_type=\"section\" data-e-type=\"section\" data-settings=\"{&quot;stretch_section&quot;:&quot;section-stretched&quot;,&quot;background_background&quot;:&quot;classic&quot;}\">\n\t\t\t\t\t\t\t<div class=\"elementor-background-overlay\"><\/div>\n\t\t\t\t\t\t\t<div class=\"elementor-container elementor-column-gap-no\">\n\t\t\t\t\t<div class=\"elementor-column elementor-col-100 elementor-top-column elementor-element elementor-element-8d67d98\" data-id=\"8d67d98\" data-element_type=\"column\" data-e-type=\"column\">\n\t\t\t<div class=\"elementor-widget-wrap\">\n\t\t\t\t\t\t\t<\/div>\n\t\t<\/div>\n\t\t\t\t\t<\/div>\n\t\t<\/section>\n\t\t\t\t<section class=\"elementor-section elementor-top-section elementor-element elementor-element-c373408 animated-slow elementor-section-boxed elementor-section-height-default elementor-section-height-default elementor-invisible\" data-id=\"c373408\" data-element_type=\"section\" data-e-type=\"section\" data-settings=\"{&quot;background_background&quot;:&quot;classic&quot;,&quot;animation&quot;:&quot;fadeIn&quot;}\">\n\t\t\t\t\t\t<div class=\"elementor-container elementor-column-gap-default\">\n\t\t\t\t\t<div class=\"elementor-column elementor-col-20 elementor-top-column elementor-element elementor-element-4ce2763\" data-id=\"4ce2763\" data-element_type=\"column\" data-e-type=\"column\">\n\t\t\t<div class=\"elementor-widget-wrap elementor-element-populated\">\n\t\t\t\t\t\t<div class=\"elementor-element elementor-element-4684dc2 elementor-widget elementor-widget-image\" data-id=\"4684dc2\" data-element_type=\"widget\" data-e-type=\"widget\" data-widget_type=\"image.default\">\n\t\t\t\t<div class=\"elementor-widget-container\">\n\t\t\t\t\t\t\t\t\t\t\t\t\t\t\t\t<a href=\"https:\/\/estila.org\/residencia\/wp-content\/uploads\/2017\/12\/IMG_9792.jpg\" data-elementor-open-lightbox=\"yes\" data-elementor-lightbox-title=\"IMG_9792\" data-e-action-hash=\"#elementor-action%3Aaction%3Dlightbox%26settings%3DeyJpZCI6MzYxMiwidXJsIjoiaHR0cHM6XC9cL2VzdGlsYS5vcmdcL3Jlc2lkZW5jaWFcL3dwLWNvbnRlbnRcL3VwbG9hZHNcLzIwMTdcLzEyXC9JTUdfOTc5Mi5qcGcifQ%3D%3D\">\n\t\t\t\t\t\t\t<img decoding=\"async\" src=\"https:\/\/estila.org\/residencia\/wp-content\/uploads\/elementor\/thumbs\/IMG_9792-nrczvmck91foi6hcvu0ewzjsw1vjmqhe6ewcmnac40.jpg\" title=\"Festivas Residencia Universitaria en Santiago de Compostela y Colegio Mayor\" alt=\"IMG_9792\" loading=\"lazy\" \/>\t\t\t\t\t\t\t\t<\/a>\n\t\t\t\t\t\t\t\t\t\t\t\t\t\t\t<\/div>\n\t\t\t\t<\/div>\n\t\t\t\t<div class=\"elementor-element elementor-element-9266adb elementor-widget elementor-widget-heading\" data-id=\"9266adb\" data-element_type=\"widget\" data-e-type=\"widget\" data-widget_type=\"heading.default\">\n\t\t\t\t<div class=\"elementor-widget-container\">\n\t\t\t\t\t<h2 class=\"elementor-heading-title elementor-size-default\">Fiesta de padres<\/h2>\t\t\t\t<\/div>\n\t\t\t\t<\/div>\n\t\t\t\t<div class=\"elementor-element elementor-element-538bed2 elementor-widget elementor-widget-text-editor\" data-id=\"538bed2\" data-element_type=\"widget\" data-e-type=\"widget\" data-widget_type=\"text-editor.default\">\n\t\t\t\t<div class=\"elementor-widget-container\">\n\t\t\t\t\t\t\t\t\t<p>Es una fiesta para las familias de los residentes. El s\u00e1bado antes de Navidad, las familias pueden venir a pasar una tarde con obra de teatro hecha por los colegiales, cena. Al acabar, cantamos villancicos con turr\u00f3n y cava.<\/p>\t\t\t\t\t\t\t\t<\/div>\n\t\t\t\t<\/div>\n\t\t\t\t\t<\/div>\n\t\t<\/div>\n\t\t\t\t<div class=\"elementor-column elementor-col-20 elementor-top-column elementor-element elementor-element-8ab2f7d\" data-id=\"8ab2f7d\" data-element_type=\"column\" data-e-type=\"column\">\n\t\t\t<div class=\"elementor-widget-wrap elementor-element-populated\">\n\t\t\t\t\t\t<div class=\"elementor-element elementor-element-ca4adb8 elementor-widget elementor-widget-image\" data-id=\"ca4adb8\" data-element_type=\"widget\" data-e-type=\"widget\" data-widget_type=\"image.default\">\n\t\t\t\t<div class=\"elementor-widget-container\">\n\t\t\t\t\t\t\t\t\t\t\t\t\t\t\t\t<a href=\"https:\/\/estila.org\/residencia\/wp-content\/uploads\/2019\/03\/DISFRACES.jpg\" data-elementor-open-lightbox=\"yes\" data-elementor-lightbox-title=\"DISFRACES\" data-e-action-hash=\"#elementor-action%3Aaction%3Dlightbox%26settings%3DeyJpZCI6NDE0OSwidXJsIjoiaHR0cHM6XC9cL2VzdGlsYS5vcmdcL3Jlc2lkZW5jaWFcL3dwLWNvbnRlbnRcL3VwbG9hZHNcLzIwMTlcLzAzXC9ESVNGUkFDRVMuanBnIn0%3D\">\n\t\t\t\t\t\t\t<img decoding=\"async\" src=\"https:\/\/estila.org\/residencia\/wp-content\/uploads\/elementor\/thumbs\/DISFRACES-o5d76dpllasdhwlrragrvh1x43ywpvtprl73o19g40.jpg\" title=\"Festivas Residencia Universitaria en Santiago de Compostela y Colegio Mayor\" alt=\"DISFRACES\" loading=\"lazy\" \/>\t\t\t\t\t\t\t\t<\/a>\n\t\t\t\t\t\t\t\t\t\t\t\t\t\t\t<\/div>\n\t\t\t\t<\/div>\n\t\t\t\t<div class=\"elementor-element elementor-element-3c1c6a9 elementor-widget elementor-widget-heading\" data-id=\"3c1c6a9\" data-element_type=\"widget\" data-e-type=\"widget\" data-widget_type=\"heading.default\">\n\t\t\t\t<div class=\"elementor-widget-container\">\n\t\t\t\t\t<h2 class=\"elementor-heading-title elementor-size-default\">Fiesta de Carnaval<\/h2>\t\t\t\t<\/div>\n\t\t\t\t<\/div>\n\t\t\t\t<div class=\"elementor-element elementor-element-b3d61f7 elementor-widget elementor-widget-text-editor\" data-id=\"b3d61f7\" data-element_type=\"widget\" data-e-type=\"widget\" data-widget_type=\"text-editor.default\">\n\t\t\t\t<div class=\"elementor-widget-container\">\n\t\t\t\t\t\t\t\t\t<p>En Carnaval hacemos la fiesta de disfraces. Se hace un concurso y el ganador del mejor disfraz elige el men\u00fa de comida de un d\u00eda<\/p>\t\t\t\t\t\t\t\t<\/div>\n\t\t\t\t<\/div>\n\t\t\t\t\t<\/div>\n\t\t<\/div>\n\t\t\t\t<div class=\"elementor-column elementor-col-20 elementor-top-column elementor-element elementor-element-2fd5bd2\" data-id=\"2fd5bd2\" data-element_type=\"column\" data-e-type=\"column\">\n\t\t\t<div class=\"elementor-widget-wrap elementor-element-populated\">\n\t\t\t\t\t\t<div class=\"elementor-element elementor-element-b56b210 elementor-widget elementor-widget-image\" data-id=\"b56b210\" data-element_type=\"widget\" data-e-type=\"widget\" data-widget_type=\"image.default\">\n\t\t\t\t<div class=\"elementor-widget-container\">\n\t\t\t\t\t\t\t\t\t\t\t\t\t\t\t\t<a href=\"https:\/\/estila.org\/residencia\/wp-content\/uploads\/2019\/03\/C3Q5DB_WMAQW8cG.jpg\" data-elementor-open-lightbox=\"yes\" data-elementor-lightbox-title=\"C3Q5DB_WMAQW8cG\" data-e-action-hash=\"#elementor-action%3Aaction%3Dlightbox%26settings%3DeyJpZCI6NDI0MiwidXJsIjoiaHR0cHM6XC9cL2VzdGlsYS5vcmdcL3Jlc2lkZW5jaWFcL3dwLWNvbnRlbnRcL3VwbG9hZHNcLzIwMTlcLzAzXC9DM1E1REJfV01BUVc4Y0cuanBnIn0%3D\">\n\t\t\t\t\t\t\t<img decoding=\"async\" src=\"https:\/\/estila.org\/residencia\/wp-content\/uploads\/elementor\/thumbs\/C3Q5DB_WMAQW8cG-o5evsi1bh9y28uybpivbbtmz4cks20ovs2wpj5t780.jpg\" title=\"Festivas Residencia Universitaria en Santiago de Compostela y Colegio Mayor\" alt=\"C3Q5DB_WMAQW8cG\" loading=\"lazy\" \/>\t\t\t\t\t\t\t\t<\/a>\n\t\t\t\t\t\t\t\t\t\t\t\t\t\t\t<\/div>\n\t\t\t\t<\/div>\n\t\t\t\t<div class=\"elementor-element elementor-element-a8c6efa elementor-widget elementor-widget-heading\" data-id=\"a8c6efa\" data-element_type=\"widget\" data-e-type=\"widget\" data-widget_type=\"heading.default\">\n\t\t\t\t<div class=\"elementor-widget-container\">\n\t\t\t\t\t<h2 class=\"elementor-heading-title elementor-size-default\">Fin de ex\u00e1menes<\/h2>\t\t\t\t<\/div>\n\t\t\t\t<\/div>\n\t\t\t\t<div class=\"elementor-element elementor-element-5b08316 elementor-widget elementor-widget-text-editor\" data-id=\"5b08316\" data-element_type=\"widget\" data-e-type=\"widget\" data-widget_type=\"text-editor.default\">\n\t\t\t\t<div class=\"elementor-widget-container\">\n\t\t\t\t\t\t\t\t\t<p>Al acabar los ex\u00e1menes de enero, hacemos alguna salida para descansar. A veces es una convivencia, una excursi\u00f3n\u2026 En la foto, visita a La Coru\u00f1a y plan de bolera.\u00a0<\/p>\t\t\t\t\t\t\t\t<\/div>\n\t\t\t\t<\/div>\n\t\t\t\t\t<\/div>\n\t\t<\/div>\n\t\t\t\t<div class=\"elementor-column elementor-col-20 elementor-top-column elementor-element elementor-element-497b885\" data-id=\"497b885\" data-element_type=\"column\" data-e-type=\"column\">\n\t\t\t<div class=\"elementor-widget-wrap elementor-element-populated\">\n\t\t\t\t\t\t<div class=\"elementor-element elementor-element-b572200 elementor-widget elementor-widget-image\" data-id=\"b572200\" data-element_type=\"widget\" data-e-type=\"widget\" data-widget_type=\"image.default\">\n\t\t\t\t<div class=\"elementor-widget-container\">\n\t\t\t\t\t\t\t\t\t\t\t\t\t\t\t\t<a href=\"https:\/\/estila.org\/residencia\/wp-content\/uploads\/2019\/03\/C60KfHwWwAIc3_A.jpg\" data-elementor-open-lightbox=\"yes\" data-elementor-lightbox-title=\"C60KfHwWwAIc3_A\" data-e-action-hash=\"#elementor-action%3Aaction%3Dlightbox%26settings%3DeyJpZCI6NDI0MywidXJsIjoiaHR0cHM6XC9cL2VzdGlsYS5vcmdcL3Jlc2lkZW5jaWFcL3dwLWNvbnRlbnRcL3VwbG9hZHNcLzIwMTlcLzAzXC9DNjBLZkh3V3dBSWMzX0EuanBnIn0%3D\">\n\t\t\t\t\t\t\t<img decoding=\"async\" src=\"https:\/\/estila.org\/residencia\/wp-content\/uploads\/elementor\/thumbs\/C60KfHwWwAIc3_A-o5evtt18yzqedd22336nshs0tm54qvvgmjizizvikw.jpg\" title=\"Festivas Residencia Universitaria en Santiago de Compostela y Colegio Mayor\" alt=\"C60KfHwWwAIc3_A\" loading=\"lazy\" \/>\t\t\t\t\t\t\t\t<\/a>\n\t\t\t\t\t\t\t\t\t\t\t\t\t\t\t<\/div>\n\t\t\t\t<\/div>\n\t\t\t\t<div class=\"elementor-element elementor-element-f0b9947 elementor-widget elementor-widget-heading\" data-id=\"f0b9947\" data-element_type=\"widget\" data-e-type=\"widget\" data-widget_type=\"heading.default\">\n\t\t\t\t<div class=\"elementor-widget-container\">\n\t\t\t\t\t<h2 class=\"elementor-heading-title elementor-size-default\">Semana Grande<\/h2>\t\t\t\t<\/div>\n\t\t\t\t<\/div>\n\t\t\t\t<div class=\"elementor-element elementor-element-60b8cb2 elementor-widget elementor-widget-text-editor\" data-id=\"60b8cb2\" data-element_type=\"widget\" data-e-type=\"widget\" data-widget_type=\"text-editor.default\">\n\t\t\t\t<div class=\"elementor-widget-container\">\n\t\t\t\t\t\t\t\t\t<p>Es la semana de fiesta del Colegio Mayor. Acto de entrega de becas, visitas culturales, eventos deportivos y tertulias especiales. En la imagen, Emma Lustres, presidenta de Vaca Films, productora de Celda 211, Cien a\u00f1os de perd\u00f3n, El desconocido\u2026<\/p>\t\t\t\t\t\t\t\t<\/div>\n\t\t\t\t<\/div>\n\t\t\t\t\t<\/div>\n\t\t<\/div>\n\t\t\t\t<div class=\"elementor-column elementor-col-20 elementor-top-column elementor-element elementor-element-338f2fa\" data-id=\"338f2fa\" data-element_type=\"column\" data-e-type=\"column\">\n\t\t\t<div class=\"elementor-widget-wrap elementor-element-populated\">\n\t\t\t\t\t\t<div class=\"elementor-element elementor-element-5742624 elementor-widget elementor-widget-image\" data-id=\"5742624\" data-element_type=\"widget\" data-e-type=\"widget\" data-widget_type=\"image.default\">\n\t\t\t\t<div class=\"elementor-widget-container\">\n\t\t\t\t\t\t\t\t\t\t\t\t\t\t\t\t<a href=\"https:\/\/estila.org\/residencia\/wp-content\/uploads\/2014\/01\/DSC_0002.jpg\" data-elementor-open-lightbox=\"yes\" data-e-action-hash=\"#elementor-action%3Aaction%3Dlightbox%26settings%3DeyJpZCI6MzQ1MSwidXJsIjpmYWxzZX0%3D\">\n\t\t\t\t\t\t\t<img decoding=\"async\" src=\"https:\/\/estila.org\/residencia\/wp-content\/uploads\/2014\/01\/DSC_0002.jpg\" title=\"Festivas Residencia Universitaria en Santiago de Compostela y Colegio Mayor\" alt=\"\" loading=\"lazy\" \/>\t\t\t\t\t\t\t\t<\/a>\n\t\t\t\t\t\t\t\t\t\t\t\t\t\t\t<\/div>\n\t\t\t\t<\/div>\n\t\t\t\t<div class=\"elementor-element elementor-element-62f70f2 elementor-widget elementor-widget-heading\" data-id=\"62f70f2\" data-element_type=\"widget\" data-e-type=\"widget\" data-widget_type=\"heading.default\">\n\t\t\t\t<div class=\"elementor-widget-container\">\n\t\t\t\t\t<h2 class=\"elementor-heading-title elementor-size-default\">Cenas tem\u00e1ticas<\/h2>\t\t\t\t<\/div>\n\t\t\t\t<\/div>\n\t\t\t\t<div class=\"elementor-element elementor-element-1c1a4a0 elementor-widget elementor-widget-text-editor\" data-id=\"1c1a4a0\" data-element_type=\"widget\" data-e-type=\"widget\" data-widget_type=\"text-editor.default\">\n\t\t\t\t<div class=\"elementor-widget-container\">\n\t\t\t\t\t\t\t\t\t<p>Durante la Semana Grande, la Semana friki y alguna que otra vez durante el curso, se hacen cenas especiales. Son tem\u00e1ticas: mejicana, francesa, sobre Ast\u00e9rix y Ob\u00e9lix, etc. En la imagen, cena japonesa.<\/p>\t\t\t\t\t\t\t\t<\/div>\n\t\t\t\t<\/div>\n\t\t\t\t\t<\/div>\n\t\t<\/div>\n\t\t\t\t\t<\/div>\n\t\t<\/section>\n\t\t\t\t<section class=\"elementor-section elementor-top-section elementor-element elementor-element-312d77f elementor-section-stretched elementor-section-full_width elementor-section-height-min-height elementor-section-height-default elementor-section-items-middle\" data-id=\"312d77f\" data-element_type=\"section\" data-e-type=\"section\" data-settings=\"{&quot;stretch_section&quot;:&quot;section-stretched&quot;,&quot;background_background&quot;:&quot;classic&quot;}\">\n\t\t\t\t\t\t\t<div class=\"elementor-background-overlay\"><\/div>\n\t\t\t\t\t\t\t<div class=\"elementor-container elementor-column-gap-no\">\n\t\t\t\t\t<div class=\"elementor-column elementor-col-100 elementor-top-column elementor-element elementor-element-4ea611c\" data-id=\"4ea611c\" data-element_type=\"column\" data-e-type=\"column\">\n\t\t\t<div class=\"elementor-widget-wrap\">\n\t\t\t\t\t\t\t<\/div>\n\t\t<\/div>\n\t\t\t\t\t<\/div>\n\t\t<\/section>\n\t\t\t\t<section class=\"elementor-section elementor-top-section elementor-element elementor-element-bb1b564 animated-slow elementor-section-boxed elementor-section-height-default elementor-section-height-default elementor-invisible\" data-id=\"bb1b564\" data-element_type=\"section\" data-e-type=\"section\" data-settings=\"{&quot;background_background&quot;:&quot;classic&quot;,&quot;animation&quot;:&quot;fadeIn&quot;}\">\n\t\t\t\t\t\t<div class=\"elementor-container elementor-column-gap-default\">\n\t\t\t\t\t<div class=\"elementor-column elementor-col-25 elementor-top-column elementor-element elementor-element-9f3bb49\" data-id=\"9f3bb49\" data-element_type=\"column\" data-e-type=\"column\">\n\t\t\t<div class=\"elementor-widget-wrap elementor-element-populated\">\n\t\t\t\t\t\t<div class=\"elementor-element elementor-element-44a5abb elementor-widget elementor-widget-image\" data-id=\"44a5abb\" data-element_type=\"widget\" data-e-type=\"widget\" data-widget_type=\"image.default\">\n\t\t\t\t<div class=\"elementor-widget-container\">\n\t\t\t\t\t\t\t\t\t\t\t\t\t\t\t\t<a href=\"https:\/\/estila.org\/residencia\/wp-content\/uploads\/2019\/03\/Tebas.jpg\" data-elementor-open-lightbox=\"yes\" data-elementor-lightbox-title=\"Tebas\" data-e-action-hash=\"#elementor-action%3Aaction%3Dlightbox%26settings%3DeyJpZCI6NDIzMCwidXJsIjoiaHR0cHM6XC9cL2VzdGlsYS5vcmdcL3Jlc2lkZW5jaWFcL3dwLWNvbnRlbnRcL3VwbG9hZHNcLzIwMTlcLzAzXC9UZWJhcy5qcGcifQ%3D%3D\">\n\t\t\t\t\t\t\t<img decoding=\"async\" src=\"https:\/\/estila.org\/residencia\/wp-content\/uploads\/elementor\/thumbs\/Tebas-o5drl3a5kejudbeakdfsbklgpgoc8vkog2f2t5wekw.jpg\" title=\"Festivas Residencia Universitaria en Santiago de Compostela y Colegio Mayor\" alt=\"Tebas\" loading=\"lazy\" \/>\t\t\t\t\t\t\t\t<\/a>\n\t\t\t\t\t\t\t\t\t\t\t\t\t\t\t<\/div>\n\t\t\t\t<\/div>\n\t\t\t\t<div class=\"elementor-element elementor-element-286b7b5 elementor-widget elementor-widget-heading\" data-id=\"286b7b5\" data-element_type=\"widget\" data-e-type=\"widget\" data-widget_type=\"heading.default\">\n\t\t\t\t<div class=\"elementor-widget-container\">\n\t\t\t\t\t<h2 class=\"elementor-heading-title elementor-size-default\">Actos acad\u00e9micos<\/h2>\t\t\t\t<\/div>\n\t\t\t\t<\/div>\n\t\t\t\t<div class=\"elementor-element elementor-element-788a6a4 elementor-widget elementor-widget-text-editor\" data-id=\"788a6a4\" data-element_type=\"widget\" data-e-type=\"widget\" data-widget_type=\"text-editor.default\">\n\t\t\t\t<div class=\"elementor-widget-container\">\n\t\t\t\t\t\t\t\t\t<p>En la inaguraci\u00f3n de curso y en la Semana Grande, tenemos un acto acad\u00e9mico. Muchas personas de la sociedad civil y acad\u00e9mica, familias, etc. vienen al Mayor a asistir al acto, en el que un invitado imparte una conferencia. En la imagen, Javier Tebas, Presidente de la Liga.<\/p>\t\t\t\t\t\t\t\t<\/div>\n\t\t\t\t<\/div>\n\t\t\t\t\t<\/div>\n\t\t<\/div>\n\t\t\t\t<div class=\"elementor-column elementor-col-25 elementor-top-column elementor-element elementor-element-97c4b3d\" data-id=\"97c4b3d\" data-element_type=\"column\" data-e-type=\"column\">\n\t\t\t<div class=\"elementor-widget-wrap elementor-element-populated\">\n\t\t\t\t\t\t<div class=\"elementor-element elementor-element-2a2cb83 elementor-widget elementor-widget-image\" data-id=\"2a2cb83\" data-element_type=\"widget\" data-e-type=\"widget\" data-widget_type=\"image.default\">\n\t\t\t\t<div class=\"elementor-widget-container\">\n\t\t\t\t\t\t\t\t\t\t\t\t\t\t\t\t<a href=\"https:\/\/estila.org\/residencia\/wp-content\/uploads\/2024\/07\/20240317-Paintball-02.jpg\" data-elementor-open-lightbox=\"yes\" data-elementor-lightbox-title=\"20240317 Paintball 02\" data-e-action-hash=\"#elementor-action%3Aaction%3Dlightbox%26settings%3DeyJpZCI6NTQ4NiwidXJsIjoiaHR0cHM6XC9cL2VzdGlsYS5vcmdcL3Jlc2lkZW5jaWFcL3dwLWNvbnRlbnRcL3VwbG9hZHNcLzIwMjRcLzA3XC8yMDI0MDMxNy1QYWludGJhbGwtMDIuanBnIn0%3D\">\n\t\t\t\t\t\t\t<img decoding=\"async\" src=\"https:\/\/estila.org\/residencia\/wp-content\/uploads\/elementor\/thumbs\/20240317-Paintball-02-qr6s185gs358p9w3ztgiy951sm93b7hvv3e0jje40g.jpg\" title=\"Festivas Residencia Universitaria en Santiago de Compostela y Colegio Mayor\" alt=\"Los nuevos, dispuestos a d\u00e1rsela a los veteranos.\" loading=\"lazy\" \/>\t\t\t\t\t\t\t\t<\/a>\n\t\t\t\t\t\t\t\t\t\t\t\t\t\t\t<\/div>\n\t\t\t\t<\/div>\n\t\t\t\t<div class=\"elementor-element elementor-element-3f9c1cb elementor-widget elementor-widget-heading\" data-id=\"3f9c1cb\" data-element_type=\"widget\" data-e-type=\"widget\" data-widget_type=\"heading.default\">\n\t\t\t\t<div class=\"elementor-widget-container\">\n\t\t\t\t\t<h2 class=\"elementor-heading-title elementor-size-default\">Paintball<\/h2>\t\t\t\t<\/div>\n\t\t\t\t<\/div>\n\t\t\t\t<div class=\"elementor-element elementor-element-bf1e6a1 elementor-widget elementor-widget-text-editor\" data-id=\"bf1e6a1\" data-element_type=\"widget\" data-e-type=\"widget\" data-widget_type=\"text-editor.default\">\n\t\t\t\t<div class=\"elementor-widget-container\">\n\t\t\t\t\t\t\t\t\t<p>El paintball es una actividad colegial en la que disfrutamos mucho. Solemos ir cerca de O Grove a hacerlo. Es un d\u00eda fant\u00e1stico en el que lo pasamos en grande.<\/p>\t\t\t\t\t\t\t\t<\/div>\n\t\t\t\t<\/div>\n\t\t\t\t\t<\/div>\n\t\t<\/div>\n\t\t\t\t<div class=\"elementor-column elementor-col-25 elementor-top-column elementor-element elementor-element-95c9f1f\" data-id=\"95c9f1f\" data-element_type=\"column\" data-e-type=\"column\">\n\t\t\t<div class=\"elementor-widget-wrap elementor-element-populated\">\n\t\t\t\t\t\t<div class=\"elementor-element elementor-element-1ca32bd elementor-widget elementor-widget-image\" data-id=\"1ca32bd\" data-element_type=\"widget\" data-e-type=\"widget\" data-widget_type=\"image.default\">\n\t\t\t\t<div class=\"elementor-widget-container\">\n\t\t\t\t\t\t\t\t\t\t\t\t\t\t\t\t<a href=\"https:\/\/estila.org\/residencia\/wp-content\/uploads\/2024\/07\/20240604-Churrascada-02.jpg\" data-elementor-open-lightbox=\"yes\" data-e-action-hash=\"#elementor-action%3Aaction%3Dlightbox%26settings%3DeyJpZCI6NTQ2OSwidXJsIjoiaHR0cHM6XC9cL2VzdGlsYS5vcmdcL3Jlc2lkZW5jaWFcL3dwLWNvbnRlbnRcL3VwbG9hZHNcLzIwMjRcLzA3XC8yMDI0MDYwNC1DaHVycmFzY2FkYS0wMi5qcGcifQ%3D%3D\">\n\t\t\t\t\t\t\t<img decoding=\"async\" src=\"https:\/\/estila.org\/residencia\/wp-content\/uploads\/elementor\/thumbs\/20240604-Churrascada-02-qr6rxndkrs8yip35vrsmynmwetvt0oanpe0hsmp1ow.jpg\" title=\"Festivas Residencia Universitaria en Santiago de Compostela y Colegio Mayor\" alt=\"\" loading=\"lazy\" \/>\t\t\t\t\t\t\t\t<\/a>\n\t\t\t\t\t\t\t\t\t\t\t\t\t\t\t<\/div>\n\t\t\t\t<\/div>\n\t\t\t\t<div class=\"elementor-element elementor-element-7b8df1b elementor-widget elementor-widget-heading\" data-id=\"7b8df1b\" data-element_type=\"widget\" data-e-type=\"widget\" data-widget_type=\"heading.default\">\n\t\t\t\t<div class=\"elementor-widget-container\">\n\t\t\t\t\t<h2 class=\"elementor-heading-title elementor-size-default\">Churrascadas<\/h2>\t\t\t\t<\/div>\n\t\t\t\t<\/div>\n\t\t\t\t<div class=\"elementor-element elementor-element-4e9bee2 elementor-widget elementor-widget-text-editor\" data-id=\"4e9bee2\" data-element_type=\"widget\" data-e-type=\"widget\" data-widget_type=\"text-editor.default\">\n\t\t\t\t<div class=\"elementor-widget-container\">\n\t\t\t\t\t\t\t\t\t<p>En cuanto hace buen tiempo\u2026 No dudamos en montar una churrascada. Churrasco, criollo, chorizo, panceta\u2026 Tambi\u00e9n en San Juan solemos organizar una sardi\u00f1ada.<\/p>\t\t\t\t\t\t\t\t<\/div>\n\t\t\t\t<\/div>\n\t\t\t\t\t<\/div>\n\t\t<\/div>\n\t\t\t\t<div class=\"elementor-column elementor-col-25 elementor-top-column elementor-element elementor-element-203c51f\" data-id=\"203c51f\" data-element_type=\"column\" data-e-type=\"column\">\n\t\t\t<div class=\"elementor-widget-wrap elementor-element-populated\">\n\t\t\t\t\t\t<div class=\"elementor-element elementor-element-beb6331 elementor-widget elementor-widget-image\" data-id=\"beb6331\" data-element_type=\"widget\" data-e-type=\"widget\" data-widget_type=\"image.default\">\n\t\t\t\t<div class=\"elementor-widget-container\">\n\t\t\t\t\t\t\t\t\t\t\t\t\t\t\t\t<a href=\"https:\/\/estila.org\/residencia\/wp-content\/uploads\/2019\/03\/C_jwGoyWsAE2CRb.jpg\" data-elementor-open-lightbox=\"yes\" data-elementor-lightbox-title=\"C_jwGoyWsAE2CRb\" data-e-action-hash=\"#elementor-action%3Aaction%3Dlightbox%26settings%3DeyJpZCI6NDI0NCwidXJsIjoiaHR0cHM6XC9cL2VzdGlsYS5vcmdcL3Jlc2lkZW5jaWFcL3dwLWNvbnRlbnRcL3VwbG9hZHNcLzIwMTlcLzAzXC9DX2p3R295V3NBRTJDUmIuanBnIn0%3D\">\n\t\t\t\t\t\t\t<img decoding=\"async\" src=\"https:\/\/estila.org\/residencia\/wp-content\/uploads\/elementor\/thumbs\/C_jwGoyWsAE2CRb-o5ew5nrz5ryksbu6v7na8i3aijprtgxll7pfemas40.jpg\" title=\"Festivas Residencia Universitaria en Santiago de Compostela y Colegio Mayor\" alt=\"C_jwGoyWsAE2CRb\" loading=\"lazy\" \/>\t\t\t\t\t\t\t\t<\/a>\n\t\t\t\t\t\t\t\t\t\t\t\t\t\t\t<\/div>\n\t\t\t\t<\/div>\n\t\t\t\t<div class=\"elementor-element elementor-element-26b715e elementor-widget elementor-widget-heading\" data-id=\"26b715e\" data-element_type=\"widget\" data-e-type=\"widget\" data-widget_type=\"heading.default\">\n\t\t\t\t<div class=\"elementor-widget-container\">\n\t\t\t\t\t<h2 class=\"elementor-heading-title elementor-size-default\">Balconcitos de oro<\/h2>\t\t\t\t<\/div>\n\t\t\t\t<\/div>\n\t\t\t\t<div class=\"elementor-element elementor-element-f61ec79 elementor-widget elementor-widget-text-editor\" data-id=\"f61ec79\" data-element_type=\"widget\" data-e-type=\"widget\" data-widget_type=\"text-editor.default\">\n\t\t\t\t<div class=\"elementor-widget-container\">\n\t\t\t\t\t\t\t\t\t<p>El Balc\u00f3n es el peri\u00f3dico bisemanal que hacen los residentes (sobre temas del Colegio Mayor, bromas, etc.). Y los Balconcitos es la gala anual en la que se entregan los premios a los residentes: el mejor viejo, el mejor nuevo, el m\u00e1s elegante, el m\u00e1s friki\u2026<\/p>\t\t\t\t\t\t\t\t<\/div>\n\t\t\t\t<\/div>\n\t\t\t\t\t<\/div>\n\t\t<\/div>\n\t\t\t\t\t<\/div>\n\t\t<\/section>\n\t\t\t\t<section class=\"elementor-section elementor-top-section elementor-element elementor-element-e8b0f2a elementor-section-stretched elementor-section-full_width elementor-section-height-min-height elementor-section-content-middle animated-slow elementor-section-height-default elementor-section-items-middle elementor-invisible\" data-id=\"e8b0f2a\" data-element_type=\"section\" data-e-type=\"section\" data-settings=\"{&quot;stretch_section&quot;:&quot;section-stretched&quot;,&quot;background_background&quot;:&quot;classic&quot;,&quot;animation&quot;:&quot;fadeIn&quot;}\">\n\t\t\t\t\t\t<div class=\"elementor-container elementor-column-gap-no\">\n\t\t\t\t\t<div class=\"elementor-column elementor-col-100 elementor-top-column elementor-element elementor-element-ccfe9bd\" data-id=\"ccfe9bd\" data-element_type=\"column\" data-e-type=\"column\">\n\t\t\t<div class=\"elementor-widget-wrap elementor-element-populated\">\n\t\t\t\t\t\t<div class=\"elementor-element elementor-element-93f3db9 elementor-view-stacked elementor-shape-circle elementor-widget elementor-widget-icon\" data-id=\"93f3db9\" data-element_type=\"widget\" data-e-type=\"widget\" data-widget_type=\"icon.default\">\n\t\t\t\t<div class=\"elementor-widget-container\">\n\t\t\t\t\t\t\t<div class=\"elementor-icon-wrapper\">\n\t\t\t<div class=\"elementor-icon\">\n\t\t\t<i aria-hidden=\"true\" class=\"fas fa-mouse-pointer\"><\/i>\t\t\t<\/div>\n\t\t<\/div>\n\t\t\t\t\t\t<\/div>\n\t\t\t\t<\/div>\n\t\t\t\t<div class=\"elementor-element elementor-element-67f9897 elementor-widget elementor-widget-heading\" data-id=\"67f9897\" data-element_type=\"widget\" data-e-type=\"widget\" data-widget_type=\"heading.default\">\n\t\t\t\t<div class=\"elementor-widget-container\">\n\t\t\t\t\t<h2 class=\"elementor-heading-title elementor-size-default\">haz click para conocer<br>otras actividades<\/h2>\t\t\t\t<\/div>\n\t\t\t\t<\/div>\n\t\t\t\t\t<\/div>\n\t\t<\/div>\n\t\t\t\t\t<\/div>\n\t\t<\/section>\n\t\t\t\t<section class=\"elementor-section elementor-top-section elementor-element elementor-element-a9746cc animated-slow elementor-section-boxed elementor-section-height-default elementor-section-height-default elementor-invisible\" data-id=\"a9746cc\" data-element_type=\"section\" data-e-type=\"section\" data-settings=\"{&quot;background_background&quot;:&quot;classic&quot;,&quot;animation&quot;:&quot;fadeIn&quot;}\">\n\t\t\t\t\t\t<div class=\"elementor-container elementor-column-gap-default\">\n\t\t\t\t\t<div class=\"elementor-column elementor-col-25 elementor-top-column elementor-element elementor-element-eef9c02\" data-id=\"eef9c02\" data-element_type=\"column\" data-e-type=\"column\">\n\t\t\t<div class=\"elementor-widget-wrap elementor-element-populated\">\n\t\t\t\t\t\t<div class=\"elementor-element elementor-element-97a2338 elementor-widget elementor-widget-image\" data-id=\"97a2338\" data-element_type=\"widget\" data-e-type=\"widget\" data-widget_type=\"image.default\">\n\t\t\t\t<div class=\"elementor-widget-container\">\n\t\t\t\t\t\t\t\t\t\t\t\t\t\t\t<img decoding=\"async\" src=\"https:\/\/estila.org\/residencia\/wp-content\/uploads\/elementor\/thumbs\/DISFRACES-o5d76dpllas39lxml94jlx4wx6qt2xu4gug6njzyl8.jpg\" title=\"Festivas Residencia Universitaria en Santiago de Compostela y Colegio Mayor\" alt=\"DISFRACES\" loading=\"lazy\" \/>\t\t\t\t\t\t\t\t\t\t\t\t\t\t\t<\/div>\n\t\t\t\t<\/div>\n\t\t\t\t<div class=\"elementor-element elementor-element-dc2ab8a elementor-widget elementor-widget-heading\" data-id=\"dc2ab8a\" data-element_type=\"widget\" data-e-type=\"widget\" data-widget_type=\"heading.default\">\n\t\t\t\t<div class=\"elementor-widget-container\">\n\t\t\t\t\t<h2 class=\"elementor-heading-title elementor-size-default\">Fiestas<\/h2>\t\t\t\t<\/div>\n\t\t\t\t<\/div>\n\t\t\t\t\t<\/div>\n\t\t<\/div>\n\t\t\t\t<div class=\"elementor-column elementor-col-25 elementor-top-column elementor-element elementor-element-74826f7\" data-id=\"74826f7\" data-element_type=\"column\" data-e-type=\"column\">\n\t\t\t<div class=\"elementor-widget-wrap elementor-element-populated\">\n\t\t\t\t\t\t<div class=\"elementor-element elementor-element-96ed67b elementor-widget elementor-widget-image\" data-id=\"96ed67b\" data-element_type=\"widget\" data-e-type=\"widget\" data-widget_type=\"image.default\">\n\t\t\t\t<div class=\"elementor-widget-container\">\n\t\t\t\t\t\t\t\t\t\t\t\t\t\t\t\t<a href=\"https:\/\/estila.org\/residencia\/culturales\/\">\n\t\t\t\t\t\t\t<img decoding=\"async\" src=\"https:\/\/estila.org\/residencia\/wp-content\/uploads\/elementor\/thumbs\/ROMA-o5d7d1eg01w7i69gpmqerqngefxelr9odst0144kik.jpg\" title=\"Festivas Residencia Universitaria en Santiago de Compostela y Colegio Mayor\" alt=\"ROMA\" class=\"elementor-animation-grow\" loading=\"lazy\" \/>\t\t\t\t\t\t\t\t<\/a>\n\t\t\t\t\t\t\t\t\t\t\t\t\t\t\t<\/div>\n\t\t\t\t<\/div>\n\t\t\t\t<div class=\"elementor-element elementor-element-eb4248e elementor-widget elementor-widget-heading\" data-id=\"eb4248e\" data-element_type=\"widget\" data-e-type=\"widget\" data-widget_type=\"heading.default\">\n\t\t\t\t<div class=\"elementor-widget-container\">\n\t\t\t\t\t<h2 class=\"elementor-heading-title elementor-size-default\"><a href=\"https:\/\/estila.org\/residencia\/culturales\/\">Cultura<\/a><\/h2>\t\t\t\t<\/div>\n\t\t\t\t<\/div>\n\t\t\t\t\t<\/div>\n\t\t<\/div>\n\t\t\t\t<div class=\"elementor-column elementor-col-25 elementor-top-column elementor-element elementor-element-c8dccf3\" data-id=\"c8dccf3\" data-element_type=\"column\" data-e-type=\"column\">\n\t\t\t<div class=\"elementor-widget-wrap elementor-element-populated\">\n\t\t\t\t\t\t<div class=\"elementor-element elementor-element-a8903b4 elementor-widget elementor-widget-image\" data-id=\"a8903b4\" data-element_type=\"widget\" data-e-type=\"widget\" data-widget_type=\"image.default\">\n\t\t\t\t<div class=\"elementor-widget-container\">\n\t\t\t\t\t\t\t\t\t\t\t\t\t\t\t\t<a href=\"https:\/\/estila.org\/residencia\/deportivas\/\">\n\t\t\t\t\t\t\t<img decoding=\"async\" src=\"https:\/\/estila.org\/residencia\/wp-content\/uploads\/elementor\/thumbs\/FUTBOL-o5d7o9l1mt9i6hyd5hfzjwnnu4l8jlu99dbse3ha70.jpg\" title=\"Festivas Residencia Universitaria en Santiago de Compostela y Colegio Mayor\" alt=\"FUTBOL\" class=\"elementor-animation-grow\" loading=\"lazy\" \/>\t\t\t\t\t\t\t\t<\/a>\n\t\t\t\t\t\t\t\t\t\t\t\t\t\t\t<\/div>\n\t\t\t\t<\/div>\n\t\t\t\t<div class=\"elementor-element elementor-element-fc80cf1 elementor-widget elementor-widget-heading\" data-id=\"fc80cf1\" data-element_type=\"widget\" data-e-type=\"widget\" data-widget_type=\"heading.default\">\n\t\t\t\t<div class=\"elementor-widget-container\">\n\t\t\t\t\t<h2 class=\"elementor-heading-title elementor-size-default\"><a href=\"https:\/\/estila.org\/residencia\/deportivas\/\">Deporte<\/a><\/h2>\t\t\t\t<\/div>\n\t\t\t\t<\/div>\n\t\t\t\t\t<\/div>\n\t\t<\/div>\n\t\t\t\t<div class=\"elementor-column elementor-col-25 elementor-top-column elementor-element elementor-element-ff7066d\" data-id=\"ff7066d\" data-element_type=\"column\" data-e-type=\"column\">\n\t\t\t<div class=\"elementor-widget-wrap elementor-element-populated\">\n\t\t\t\t\t\t<div class=\"elementor-element elementor-element-bb741ea elementor-widget elementor-widget-image\" data-id=\"bb741ea\" data-element_type=\"widget\" data-e-type=\"widget\" data-widget_type=\"image.default\">\n\t\t\t\t<div class=\"elementor-widget-container\">\n\t\t\t\t\t\t\t\t\t\t\t\t\t\t\t\t<a href=\"https:\/\/estila.org\/residencia\/voluntariado\/\">\n\t\t\t\t\t\t\t<img decoding=\"async\" src=\"https:\/\/estila.org\/residencia\/wp-content\/uploads\/elementor\/thumbs\/HOSPILANDIA-o5d93s4m6xs8h54jc92wpeo3vcofefco0cgs913j6k.jpg\" title=\"Festivas Residencia Universitaria en Santiago de Compostela y Colegio Mayor\" alt=\"HOSPILANDIA\" class=\"elementor-animation-grow\" loading=\"lazy\" \/>\t\t\t\t\t\t\t\t<\/a>\n\t\t\t\t\t\t\t\t\t\t\t\t\t\t\t<\/div>\n\t\t\t\t<\/div>\n\t\t\t\t<div class=\"elementor-element elementor-element-e11051e elementor-widget elementor-widget-heading\" data-id=\"e11051e\" data-element_type=\"widget\" data-e-type=\"widget\" data-widget_type=\"heading.default\">\n\t\t\t\t<div class=\"elementor-widget-container\">\n\t\t\t\t\t<h2 class=\"elementor-heading-title elementor-size-default\"><a href=\"https:\/\/estila.org\/residencia\/voluntariado\/\">Solidaridad<\/a><\/h2>\t\t\t\t<\/div>\n\t\t\t\t<\/div>\n\t\t\t\t\t<\/div>\n\t\t<\/div>\n\t\t\t\t\t<\/div>\n\t\t<\/section>\n\t\t\t\t<\/div>\n\t\t","protected":false},"excerpt":{"rendered":"<p>FIESTAS COLEGIALES Olimpiadas inicio de curso La Olimpiada la realizamos a principio de curso. Los colegiales participan por equipos y las pruebas con de lo m\u00e1s variadas: el pa\u00f1uelo, carreras de relevos, baloncesto, f\u00fatbol\u2026 Convivencia inicio de curso Para comenzar el curso vamos a una casa rural para hacer deporte, salidas, etc. Es un buen &#8230; <\/p>\n<p class=\"read-more-container\"><a title=\"Festivas\" class=\"read-more button\" href=\"https:\/\/estila.org\/residencia\/festivas\/#more-1944\" aria-label=\"Leer m\u00e1s sobre Festivas\">Leer m\u00e1s<\/a><\/p>\n","protected":false},"author":7,"featured_media":0,"parent":0,"menu_order":0,"comment_status":"closed","ping_status":"closed","template":"elementor_header_footer","meta":{"footnotes":""},"class_list":{"0":"post-1944","1":"page","2":"type-page","3":"status-publish","5":"infinite-scroll-item"},"aioseo_notices":[],"_links":{"self":[{"href":"https:\/\/estila.org\/residencia\/wp-json\/wp\/v2\/pages\/1944","targetHints":{"allow":["GET"]}}],"collection":[{"href":"https:\/\/estila.org\/residencia\/wp-json\/wp\/v2\/pages"}],"about":[{"href":"https:\/\/estila.org\/residencia\/wp-json\/wp\/v2\/types\/page"}],"author":[{"embeddable":true,"href":"https:\/\/estila.org\/residencia\/wp-json\/wp\/v2\/users\/7"}],"replies":[{"embeddable":true,"href":"https:\/\/estila.org\/residencia\/wp-json\/wp\/v2\/comments?post=1944"}],"version-history":[{"count":71,"href":"https:\/\/estila.org\/residencia\/wp-json\/wp\/v2\/pages\/1944\/revisions"}],"predecessor-version":[{"id":7183,"href":"https:\/\/estila.org\/residencia\/wp-json\/wp\/v2\/pages\/1944\/revisions\/7183"}],"wp:attachment":[{"href":"https:\/\/estila.org\/residencia\/wp-json\/wp\/v2\/media?parent=1944"}],"curies":[{"name":"wp","href":"https:\/\/api.w.org\/{rel}","templated":true}]}}